{"id":17170,"date":"2023-12-15T05:41:11","date_gmt":"2023-12-15T03:41:11","guid":{"rendered":"https:\/\/aivie.ch\/questions-et-reponses-sur-la-protection-des-donnees\/"},"modified":"2023-12-15T05:41:36","modified_gmt":"2023-12-15T03:41:36","slug":"questions-et-reponses-sur-la-protection-des-donnees","status":"publish","type":"page","link":"https:\/\/aivie.ch\/fr\/questions-et-reponses-sur-la-protection-des-donnees\/","title":{"rendered":"Questions et r\u00e9ponses sur la protection des donn\u00e9es"},"content":{"rendered":"\n<div class=\"alignfull wp-block-ugb-container ugb-container ugb-3efb5d6 ugb-container--v2 ugb-container--design-plain ugb-main-block ugb-main-block--inner-center ugb--has-block-background ugb--has-background-overlay\"><style>.ugb-3efb5d6.ugb-container{background-image:url(https:\/\/cdn.aivie.ch\/media\/wp\/2021\/06\/19131703\/pattern-u-960w.png);background-position:top right;background-repeat:no-repeat;background-size:40% !important}.ugb-3efb5d6.ugb-container:before{opacity:0.5}@media screen and (min-width:768px){.ugb-3efb5d6-content-wrapper.ugb-container__content-wrapper{width:90% !important}.ugb-3efb5d6.ugb-container{margin-top:0px !important;padding-top:0px !important;padding-right:35px !important;padding-left:35px !important}}<\/style><div class=\"ugb-inner-block ugb-inner-block--center\"><div class=\"ugb-block-content\"><div class=\"ugb-container__wrapper ugb-3efb5d6-wrapper\"><div class=\"ugb-container__side\"><div class=\"ugb-container__content-wrapper ugb-3efb5d6-content-wrapper\">\n<div class=\"wp-block-ugb-heading ugb-heading ugb-d532239 ugb-main-block\"><style>.ugb-d532239 .ugb-heading__title{text-align:left}.ugb-d532239 .ugb-inner-block{text-align:left}@media screen and (min-width:768px){.ugb-d532239.ugb-heading{margin-right:250px !important}}<\/style><div class=\"ugb-inner-block\"><div class=\"ugb-block-content\"><h1 class=\"ugb-heading__title\">S\u00e9bastien, expert en protection des donn\u00e9es, r\u00e9pond \u00e0 vos questions sur la loi sur la protection des donn\u00e9es et le marketing automation.<\/h1><p class=\"ugb-heading__subtitle\">Mettre en place rapidement et facilement un site web conforme \u00e0 la protection des donn\u00e9es avec l&#8217;email marketing. Nous te montrons tout ce qu&rsquo;il faut savoir pour appliquer correctement la nouvelle loi sur la protection des donn\u00e9es de la Suisse (revDSG) et de l&rsquo;UE (DSGVO\/GDPR) sur le plan juridique.<\/p><\/div><\/div><\/div>\n<\/div><\/div><\/div><\/div><\/div><\/div>\n\n<div class=\"alignfull wp-block-ugb-columns ugb-columns aiv-col-2 ugb-2c914d3 ugb-columns--design-plain ugb-columns--columns-2 ugb-main-block ugb-main-block--inner-center ugb--has-block-background ugb--has-background-overlay\"><style>.ugb-2c914d3.ugb-columns{background-color:#EFF0F1;background-image:url(https:\/\/cdn.aivie.ch\/media\/wp\/2021\/06\/19131703\/pattern-u-960w.png);background-position:bottom right;background-repeat:no-repeat;background-size:40% !important}.ugb-2c914d3.ugb-columns:before{background-color:#EFF0F1;opacity:0.5}@media screen and (min-width:768px){.ugb-2c914d3.ugb-columns{padding-right:35px !important}}<\/style><div class=\"ugb-inner-block ugb-inner-block--center\"><div class=\"ugb-block-content\"><div class=\"ugb-columns__item ugb-2c914d3-content-wrapper\">\n<div class=\"wp-block-ugb-column ugb-column ugb-2ab2134 ugb-column--design-plain ugb-main-block\"><div class=\"ugb-inner-block\"><div class=\"ugb-block-content\"><div class=\"ugb-column__item ugb-2ab2134-column-wrapper\"><div class=\"ugb-column__content-wrapper\">\n<figure class=\"wp-block-embed is-type-video is-provider-youtube wp-block-embed-youtube wp-embed-aspect-16-9 wp-has-aspect-ratio\"><div class=\"wp-block-embed__wrapper\">\n<iframe loading=\"lazy\" title=\"Datenschutz (revDSG\/DSGVO) und Instagram\" width=\"990\" height=\"557\" src=\"https:\/\/www.youtube.com\/embed\/VfQiRnL6kzc?feature=oembed\" frameborder=\"0\" allow=\"accelerometer; autoplay; clipboard-write; encrypted-media; gyroscope; picture-in-picture; web-share\" referrerpolicy=\"strict-origin-when-cross-origin\" allowfullscreen><\/iframe>\n<\/div><\/figure>\n<\/div><\/div><\/div><\/div><\/div>\n\n\n\n<div class=\"wp-block-ugb-column ugb-column ugb-2d87b85 ugb-column--design-plain ugb-main-block\"><div class=\"ugb-inner-block\"><div class=\"ugb-block-content\"><div class=\"ugb-column__item ugb-2d87b85-column-wrapper\"><div class=\"ugb-column__content-wrapper\">\n<div class=\"wp-block-ugb-heading ugb-heading ugb-ca4e061 ugb-main-block\"><div class=\"ugb-inner-block\"><div class=\"ugb-block-content\"><h2 class=\"ugb-heading__title\">Instagram ?<\/h2><p class=\"ugb-heading__subtitle\">Votre question<strong> <\/strong>sur Instagram et le droit \u00e0 la protection des donn\u00e9es est enregistr\u00e9e ici.  <\/p><\/div><\/div><\/div>\n<\/div><\/div><\/div><\/div><\/div>\n<\/div><\/div><\/div><\/div>\n\n<div class=\"alignfull wp-block-ugb-columns ugb-columns aiv-col-2 ugb-6212696 ugb-columns--design-plain ugb-columns--columns-2 ugb-main-block ugb-main-block--inner-center ugb--has-block-background ugb--has-background-overlay\"><style>.ugb-6212696.ugb-columns{background-color:#ffffff;background-image:url(https:\/\/cdn.aivie.ch\/media\/wp\/2021\/06\/19131703\/pattern-u-960w.png);background-position:bottom right;background-repeat:no-repeat;background-size:40% !important}.ugb-6212696.ugb-columns:before{background-color:#ffffff;opacity:0.5}@media screen and (min-width:768px){.ugb-6212696.ugb-columns{padding-right:35px !important}}<\/style><div class=\"ugb-inner-block ugb-inner-block--center\"><div class=\"ugb-block-content\"><div class=\"ugb-columns__item ugb-6212696-content-wrapper\">\n<div class=\"wp-block-ugb-column ugb-column ugb-25e0c89 ugb-column--design-plain ugb-main-block\"><div class=\"ugb-inner-block\"><div class=\"ugb-block-content\"><div class=\"ugb-column__item ugb-25e0c89-column-wrapper\"><div class=\"ugb-column__content-wrapper\">\n<div class=\"wp-block-ugb-heading ugb-heading ugb-23a71da ugb-main-block\"><div class=\"ugb-inner-block\"><div class=\"ugb-block-content\"><h2 class=\"ugb-heading__title\">Des cookies ?<\/h2><p class=\"ugb-heading__subtitle\">Sebastian r\u00e9pond \u00e0 la question sur Google Analytics et les banni\u00e8res de cookies.<\/p><\/div><\/div><\/div>\n<\/div><\/div><\/div><\/div><\/div>\n\n\n\n<div class=\"wp-block-ugb-column ugb-column ugb-44c4afe ugb-column--design-plain ugb-main-block\"><div class=\"ugb-inner-block\"><div class=\"ugb-block-content\"><div class=\"ugb-column__item ugb-44c4afe-column-wrapper\"><div class=\"ugb-column__content-wrapper\">\n<figure class=\"wp-block-embed is-type-video is-provider-youtube wp-block-embed-youtube wp-embed-aspect-16-9 wp-has-aspect-ratio\"><div class=\"wp-block-embed__wrapper\">\n<iframe loading=\"lazy\" title=\"Datenschutz und Cookies - Datenschutz Webinar Aivie &amp; Lexr\" width=\"990\" height=\"557\" src=\"https:\/\/www.youtube.com\/embed\/4f6QHn3u9wM?feature=oembed\" frameborder=\"0\" allow=\"accelerometer; autoplay; clipboard-write; encrypted-media; gyroscope; picture-in-picture; web-share\" referrerpolicy=\"strict-origin-when-cross-origin\" allowfullscreen><\/iframe>\n<\/div><\/figure>\n<\/div><\/div><\/div><\/div><\/div>\n<\/div><\/div><\/div><\/div>\n\n<div class=\"alignfull wp-block-ugb-columns ugb-columns aiv-col-2 ugb-385a57e ugb-columns--design-plain ugb-columns--columns-2 ugb-main-block ugb-main-block--inner-center ugb--has-block-background\"><style>.ugb-385a57e.ugb-columns{background-color:#ffffff;background-position:bottom right;background-repeat:no-repeat;background-size:40% !important}.ugb-385a57e.ugb-columns:before{background-color:#ffffff}@media screen and (min-width:768px){.ugb-385a57e.ugb-columns{padding-right:35px !important}}<\/style><div class=\"ugb-inner-block ugb-inner-block--center\"><div class=\"ugb-block-content\"><div class=\"ugb-columns__item ugb-385a57e-content-wrapper\">\n<div class=\"wp-block-ugb-column ugb-column ugb-4306f1a ugb-column--design-plain ugb-main-block\"><div class=\"ugb-inner-block\"><div class=\"ugb-block-content\"><div class=\"ugb-column__item ugb-4306f1a-column-wrapper\"><div class=\"ugb-column__content-wrapper\">\n[embedyt]  https:\/\/www.youtube.com\/watch?v=iVvrHcA1LrE[\/embedyt]\n<\/div><\/div><\/div><\/div><\/div>\n\n\n\n<div class=\"wp-block-ugb-column ugb-column ugb-d52ccab ugb-column--design-plain ugb-main-block\"><div class=\"ugb-inner-block\"><div class=\"ugb-block-content\"><div class=\"ugb-column__item ugb-d52ccab-column-wrapper\"><div class=\"ugb-column__content-wrapper\">\n<div class=\"wp-block-ugb-heading ugb-heading ugb-e311718 ugb-main-block\"><div class=\"ugb-inner-block\"><div class=\"ugb-block-content\"><h2 class=\"ugb-heading__title\">Cookies Suisse ?<\/h2><p class=\"ugb-heading__subtitle\">Qu&rsquo;est-ce qui va changer en Suisse \u00e0 partir de septembre ?<\/p><\/div><\/div><\/div>\n<\/div><\/div><\/div><\/div><\/div>\n<\/div><\/div><\/div><\/div>\n\n<div class=\"alignfull wp-block-ugb-columns ugb-columns aiv-col-2 ugb-8d9d082 ugb-columns--design-plain ugb-columns--columns-2 ugb-main-block ugb-main-block--inner-center ugb--has-block-background ugb--has-background-overlay\"><style>.ugb-8d9d082.ugb-columns{background-color:#EFF0F1;background-image:url(https:\/\/cdn.aivie.ch\/media\/wp\/2021\/06\/19131703\/pattern-u-960w.png);background-position:bottom right;background-repeat:no-repeat;background-size:40% !important}.ugb-8d9d082.ugb-columns:before{background-color:#EFF0F1;opacity:0.5}@media screen and (min-width:768px){.ugb-8d9d082.ugb-columns{padding-right:35px !important}}<\/style><div class=\"ugb-inner-block ugb-inner-block--center\"><div class=\"ugb-block-content\"><div class=\"ugb-columns__item ugb-8d9d082-content-wrapper\">\n<div class=\"wp-block-ugb-column ugb-column ugb-98ffa22 ugb-column--design-plain ugb-main-block\"><div class=\"ugb-inner-block\"><div class=\"ugb-block-content\"><div class=\"ugb-column__item ugb-98ffa22-column-wrapper\"><div class=\"ugb-column__content-wrapper\">\n<div class=\"wp-block-ugb-heading ugb-heading ugb-d6589f1 ugb-main-block\"><div class=\"ugb-inner-block\"><div class=\"ugb-block-content\"><h2 class=\"ugb-heading__title\">Bulletin d&rsquo;information ?<\/h2><p class=\"ugb-heading__subtitle\">Si tu as collect\u00e9 des adresses e-mail via Google et que tu les as \u00e9crites de mani\u00e8re automatis\u00e9e, s&rsquo;agit-il encore d&rsquo;une lettre de motivation individuelle ?<\/p><\/div><\/div><\/div>\n<\/div><\/div><\/div><\/div><\/div>\n\n\n\n<div class=\"wp-block-ugb-column ugb-column ugb-5ea4358 ugb-column--design-plain ugb-main-block\"><div class=\"ugb-inner-block\"><div class=\"ugb-block-content\"><div class=\"ugb-column__item ugb-5ea4358-column-wrapper\"><div class=\"ugb-column__content-wrapper\">\n<figure class=\"wp-block-embed is-type-video is-provider-youtube wp-block-embed-youtube wp-embed-aspect-16-9 wp-has-aspect-ratio\"><div class=\"wp-block-embed__wrapper\">\n<iframe loading=\"lazy\" title=\"Newsletter und Datenschutz (revDSG und DSGVO) - Datenschutz Webinar Aivie und Lexr\" width=\"990\" height=\"557\" src=\"https:\/\/www.youtube.com\/embed\/GuNJPvBtacA?feature=oembed\" frameborder=\"0\" allow=\"accelerometer; autoplay; clipboard-write; encrypted-media; gyroscope; picture-in-picture; web-share\" referrerpolicy=\"strict-origin-when-cross-origin\" allowfullscreen><\/iframe>\n<\/div><\/figure>\n<\/div><\/div><\/div><\/div><\/div>\n<\/div><\/div><\/div><\/div>\n\n<div class=\"alignfull wp-block-ugb-columns ugb-columns aiv-col-2 ugb-0059fdb ugb-columns--design-plain ugb-columns--columns-2 ugb-main-block ugb-main-block--inner-center ugb--has-block-background ugb--has-background-overlay\"><style>.ugb-0059fdb.ugb-columns{background-color:#ffffff;background-image:url(https:\/\/cdn.aivie.ch\/media\/wp\/2021\/06\/19131703\/pattern-u-960w.png);background-position:bottom right;background-repeat:no-repeat;background-size:40% !important}.ugb-0059fdb.ugb-columns:before{background-color:#ffffff;opacity:0.5}@media screen and (min-width:768px){.ugb-0059fdb.ugb-columns{padding-right:35px !important}}<\/style><div class=\"ugb-inner-block ugb-inner-block--center\"><div class=\"ugb-block-content\"><div class=\"ugb-columns__item ugb-0059fdb-content-wrapper\">\n<div class=\"wp-block-ugb-column ugb-column ugb-e5e1294 ugb-column--design-plain ugb-main-block\"><div class=\"ugb-inner-block\"><div class=\"ugb-block-content\"><div class=\"ugb-column__item ugb-e5e1294-column-wrapper\"><div class=\"ugb-column__content-wrapper\">\n<figure class=\"wp-block-embed is-type-video is-provider-youtube wp-block-embed-youtube wp-embed-aspect-16-9 wp-has-aspect-ratio\"><div class=\"wp-block-embed__wrapper\">\n<iframe loading=\"lazy\" title=\"Double Opt In (revDSG\/DSGVO)   Datenschutz Webinar Aivie und Lexer\" width=\"990\" height=\"557\" src=\"https:\/\/www.youtube.com\/embed\/JNUwwMS3bCI?feature=oembed\" frameborder=\"0\" allow=\"accelerometer; autoplay; clipboard-write; encrypted-media; gyroscope; picture-in-picture; web-share\" referrerpolicy=\"strict-origin-when-cross-origin\" allowfullscreen><\/iframe>\n<\/div><\/figure>\n<\/div><\/div><\/div><\/div><\/div>\n\n\n\n<div class=\"wp-block-ugb-column ugb-column ugb-7123f02 ugb-column--design-plain ugb-main-block\"><div class=\"ugb-inner-block\"><div class=\"ugb-block-content\"><div class=\"ugb-column__item ugb-7123f02-column-wrapper\"><div class=\"ugb-column__content-wrapper\">\n<div class=\"wp-block-ugb-heading ugb-heading ugb-e4c7aec ugb-main-block\"><div class=\"ugb-inner-block\"><div class=\"ugb-block-content\"><h2 class=\"ugb-heading__title\">Double opt-in ?<\/h2><p class=\"ugb-heading__subtitle\">Un double opt-in \u00e0 l&rsquo;\u00e9chelle du syst\u00e8me est-il suffisant ou faut-il un double opt-in pour chaque segment ?<\/p><\/div><\/div><\/div>\n<\/div><\/div><\/div><\/div><\/div>\n<\/div><\/div><\/div><\/div>\n\n<div class=\"alignfull wp-block-ugb-columns ugb-columns aiv-col-2 ugb-df46028 ugb-columns--design-plain ugb-columns--columns-2 ugb-main-block ugb-main-block--inner-center ugb--has-block-background ugb--has-background-overlay\"><style>.ugb-df46028.ugb-columns{background-color:#EFF0F1;background-image:url(https:\/\/cdn.aivie.ch\/media\/wp\/2021\/06\/19131703\/pattern-u-960w.png);background-position:bottom right;background-repeat:no-repeat;background-size:40% !important}.ugb-df46028.ugb-columns:before{background-color:#EFF0F1;opacity:0.5}@media screen and (min-width:768px){.ugb-df46028.ugb-columns{padding-right:35px !important}}<\/style><div class=\"ugb-inner-block ugb-inner-block--center\"><div class=\"ugb-block-content\"><div class=\"ugb-columns__item ugb-df46028-content-wrapper\">\n<div class=\"wp-block-ugb-column ugb-column ugb-e9e35b5 ugb-column--design-plain ugb-main-block\"><div class=\"ugb-inner-block\"><div class=\"ugb-block-content\"><div class=\"ugb-column__item ugb-e9e35b5-column-wrapper\"><div class=\"ugb-column__content-wrapper\">\n<div class=\"wp-block-ugb-heading ugb-heading ugb-f0aed99 ugb-main-block\"><div class=\"ugb-inner-block\"><div class=\"ugb-block-content\"><h2 class=\"ugb-heading__title\">Tag Manager ?<\/h2><p class=\"ugb-heading__subtitle\">Est-il permis d&rsquo;avoir le gestionnaire de balises sur le site sans avoir accept\u00e9 les cookies ?<\/p><\/div><\/div><\/div>\n<\/div><\/div><\/div><\/div><\/div>\n\n\n\n<div class=\"wp-block-ugb-column ugb-column ugb-948bfef ugb-column--design-plain ugb-main-block\"><div class=\"ugb-inner-block\"><div class=\"ugb-block-content\"><div class=\"ugb-column__item ugb-948bfef-column-wrapper\"><div class=\"ugb-column__content-wrapper\">\n<figure class=\"wp-block-embed is-type-video is-provider-youtube wp-block-embed-youtube wp-embed-aspect-16-9 wp-has-aspect-ratio\"><div class=\"wp-block-embed__wrapper\">\n<iframe loading=\"lazy\" title=\"Tag Manager Fragen - Datenschutz Webinar Aivie und Lexr\" width=\"990\" height=\"557\" src=\"https:\/\/www.youtube.com\/embed\/lrRjOmdigpo?feature=oembed\" frameborder=\"0\" allow=\"accelerometer; autoplay; clipboard-write; encrypted-media; gyroscope; picture-in-picture; web-share\" referrerpolicy=\"strict-origin-when-cross-origin\" allowfullscreen><\/iframe>\n<\/div><\/figure>\n<\/div><\/div><\/div><\/div><\/div>\n<\/div><\/div><\/div><\/div>\n\n<div style=\"height:100px\" aria-hidden=\"true\" class=\"wp-block-spacer\"><\/div>\n<div data-block-name=\"woocommerce\/product-category\" data-categories=\"[983]\" data-content-visibility=\"{&quot;image&quot;:true,&quot;title&quot;:true,&quot;price&quot;:true,&quot;rating&quot;:false,&quot;button&quot;:false}\" data-rows=\"2\" data-stock-status=\"[&quot;&quot;,&quot;instock&quot;,&quot;outofstock&quot;,&quot;onbackorder&quot;]\" class=\"wc-block-grid wp-block-product-category wp-block-woocommerce-product-category wc-block-product-category has-3-columns has-multiple-rows\"><ul class=\"wc-block-grid__products\"><li class=\"wc-block-grid__product\"><span class=\"gtm4wp_productdata\" style=\"display:none; visibility:hidden;\" data-gtm4wp_product_data=\"{&quot;internal_id&quot;:27187,&quot;item_id&quot;:27187,&quot;item_name&quot;:&quot;Paquet avanc\\u00e9 d\\u2019\\u00e9valuation et de mise en \\u0153uvre de la protection des donn\\u00e9es&quot;,&quot;sku&quot;:27187,&quot;price&quot;:6160,&quot;stocklevel&quot;:null,&quot;stockstatus&quot;:&quot;instock&quot;,&quot;google_business_vertical&quot;:&quot;retail&quot;,&quot;item_category&quot;:&quot;Protection des donn\\u00e9es&quot;,&quot;id&quot;:27187,&quot;item_brand&quot;:&quot;Protection des donn\\u00e9es&quot;,&quot;productlink&quot;:&quot;https:\\\/\\\/aivie.ch\\\/fr\\\/produit\\\/paquet-avance-devaluation-et-de-mise-en-oeuvre-de-la-protection-des-donnees\\\/&quot;,&quot;item_list_name&quot;:&quot;Liste g\\u00e9n\\u00e9rale des produits&quot;,&quot;index&quot;:0,&quot;product_type&quot;:&quot;simple&quot;}\"><\/span>\n\t\t\t\t<a href=\"https:\/\/aivie.ch\/fr\/produit\/paquet-avance-devaluation-et-de-mise-en-oeuvre-de-la-protection-des-donnees\/\" class=\"wc-block-grid__product-link\">\n\t\t\t\t\t\n\t\t\t\t\t<div class=\"wc-block-grid__product-image\"><img loading=\"lazy\" decoding=\"async\" width=\"240\" height=\"240\" src=\"https:\/\/cdn.aivie.ch\/media\/wp\/2023\/03\/14104129\/LEXR-Visual-2-240x240.png\" class=\"attachment-woocommerce_thumbnail size-woocommerce_thumbnail\" alt=\"Paquet avanc\u00e9 d\u2019\u00e9valuation et de mise en \u0153uvre de la protection des donn\u00e9es\" srcset=\"https:\/\/cdn.aivie.ch\/media\/wp\/2023\/03\/14104129\/LEXR-Visual-2-240x240.png 240w, https:\/\/cdn.aivie.ch\/media\/wp\/2023\/03\/14104129\/LEXR-Visual-2-768x768.png 768w, https:\/\/cdn.aivie.ch\/media\/wp\/2023\/03\/14104129\/LEXR-Visual-2-480x480.png 480w, https:\/\/cdn.aivie.ch\/media\/wp\/2023\/03\/14104129\/LEXR-Visual-2.png 800w\" sizes=\"auto, (max-width: 240px) 100vw, 240px\" title=\"\"><\/div>\n\t\t\t\t\t<div class=\"wc-block-grid__product-title\">Paquet avanc\u00e9 d\u2019\u00e9valuation et de mise en \u0153uvre de la protection des donn\u00e9es<\/div>\n\t\t\t\t<\/a>\n\t\t\t\t<div class=\"wc-block-grid__product-price price\"><span class=\"woocommerce-Price-amount amount\"><span class=\"woocommerce-Price-currencySymbol\">&#036;<\/span>6 160.00<\/span><\/div>\n\t\t\t\t\n\t\t\t\t\n\t\t\t<\/li><li class=\"wc-block-grid__product\"><span class=\"gtm4wp_productdata\" style=\"display:none; visibility:hidden;\" data-gtm4wp_product_data=\"{&quot;internal_id&quot;:26763,&quot;item_id&quot;:26763,&quot;item_name&quot;:&quot;Kit de d\\u00e9marrage pour l&#039;\\u00e9valuation et la mise en \\u0153uvre de la protection des donn\\u00e9es&quot;,&quot;sku&quot;:26763,&quot;price&quot;:3080,&quot;stocklevel&quot;:null,&quot;stockstatus&quot;:&quot;instock&quot;,&quot;google_business_vertical&quot;:&quot;retail&quot;,&quot;item_category&quot;:&quot;Protection des donn\\u00e9es&quot;,&quot;id&quot;:26763,&quot;item_brand&quot;:&quot;Protection des donn\\u00e9es&quot;,&quot;productlink&quot;:&quot;https:\\\/\\\/aivie.ch\\\/fr\\\/produit\\\/kit-de-demarrage-pour-levaluation-et-la-mise-en-oeuvre-de-la-protection-des-donnees\\\/&quot;,&quot;item_list_name&quot;:&quot;Liste g\\u00e9n\\u00e9rale des produits&quot;,&quot;index&quot;:0,&quot;product_type&quot;:&quot;simple&quot;}\"><\/span>\n\t\t\t\t<a href=\"https:\/\/aivie.ch\/fr\/produit\/kit-de-demarrage-pour-levaluation-et-la-mise-en-oeuvre-de-la-protection-des-donnees\/\" class=\"wc-block-grid__product-link\">\n\t\t\t\t\t\n\t\t\t\t\t<div class=\"wc-block-grid__product-image\"><img loading=\"lazy\" decoding=\"async\" width=\"240\" height=\"240\" src=\"https:\/\/cdn.aivie.ch\/media\/wp\/2023\/03\/14104129\/LEXR-Visual-2-240x240.png\" class=\"attachment-woocommerce_thumbnail size-woocommerce_thumbnail\" alt=\"Kit de d\u00e9marrage pour l&#039;\u00e9valuation et la mise en \u0153uvre de la protection des donn\u00e9es\" srcset=\"https:\/\/cdn.aivie.ch\/media\/wp\/2023\/03\/14104129\/LEXR-Visual-2-240x240.png 240w, https:\/\/cdn.aivie.ch\/media\/wp\/2023\/03\/14104129\/LEXR-Visual-2-768x768.png 768w, https:\/\/cdn.aivie.ch\/media\/wp\/2023\/03\/14104129\/LEXR-Visual-2-480x480.png 480w, https:\/\/cdn.aivie.ch\/media\/wp\/2023\/03\/14104129\/LEXR-Visual-2.png 800w\" sizes=\"auto, (max-width: 240px) 100vw, 240px\" title=\"\"><\/div>\n\t\t\t\t\t<div class=\"wc-block-grid__product-title\">Kit de d\u00e9marrage pour l&rsquo;\u00e9valuation et la mise en \u0153uvre de la protection des donn\u00e9es<\/div>\n\t\t\t\t<\/a>\n\t\t\t\t<div class=\"wc-block-grid__product-price price\"><span class=\"woocommerce-Price-amount amount\"><span class=\"woocommerce-Price-currencySymbol\">&#036;<\/span>3 080.00<\/span><\/div>\n\t\t\t\t\n\t\t\t\t\n\t\t\t<\/li><li class=\"wc-block-grid__product\"><span class=\"gtm4wp_productdata\" style=\"display:none; visibility:hidden;\" data-gtm4wp_product_data=\"{&quot;internal_id&quot;:26769,&quot;item_id&quot;:26769,&quot;item_name&quot;:&quot;Pack de protection des donn\\u00e9es pour site web LEXR&quot;,&quot;sku&quot;:26769,&quot;price&quot;:605,&quot;stocklevel&quot;:null,&quot;stockstatus&quot;:&quot;instock&quot;,&quot;google_business_vertical&quot;:&quot;retail&quot;,&quot;item_category&quot;:&quot;Protection des donn\\u00e9es&quot;,&quot;id&quot;:26769,&quot;item_brand&quot;:&quot;Protection des donn\\u00e9es&quot;,&quot;productlink&quot;:&quot;https:\\\/\\\/aivie.ch\\\/fr\\\/produit\\\/pack-de-protection-des-donnees-pour-site-web-lexr\\\/&quot;,&quot;item_list_name&quot;:&quot;Liste g\\u00e9n\\u00e9rale des produits&quot;,&quot;index&quot;:0,&quot;product_type&quot;:&quot;simple&quot;}\"><\/span>\n\t\t\t\t<a href=\"https:\/\/aivie.ch\/fr\/produit\/pack-de-protection-des-donnees-pour-site-web-lexr\/\" class=\"wc-block-grid__product-link\">\n\t\t\t\t\t\n\t\t\t\t\t<div class=\"wc-block-grid__product-image\"><img loading=\"lazy\" decoding=\"async\" width=\"240\" height=\"240\" src=\"https:\/\/cdn.aivie.ch\/media\/wp\/2023\/03\/14104239\/LEXR-Visual-1-240x240.png\" class=\"attachment-woocommerce_thumbnail size-woocommerce_thumbnail\" alt=\"Pack de protection des donn\u00e9es pour site web LEXR\" srcset=\"https:\/\/cdn.aivie.ch\/media\/wp\/2023\/03\/14104239\/LEXR-Visual-1-240x240.png 240w, https:\/\/cdn.aivie.ch\/media\/wp\/2023\/03\/14104239\/LEXR-Visual-1-768x768.png 768w, https:\/\/cdn.aivie.ch\/media\/wp\/2023\/03\/14104239\/LEXR-Visual-1-480x480.png 480w, https:\/\/cdn.aivie.ch\/media\/wp\/2023\/03\/14104239\/LEXR-Visual-1.png 800w\" sizes=\"auto, (max-width: 240px) 100vw, 240px\" title=\"\"><\/div>\n\t\t\t\t\t<div class=\"wc-block-grid__product-title\">Pack de protection des donn\u00e9es pour site web LEXR<\/div>\n\t\t\t\t<\/a>\n\t\t\t\t<div class=\"wc-block-grid__product-price price\"><span class=\"woocommerce-Price-amount amount\"><span class=\"woocommerce-Price-currencySymbol\">&#036;<\/span>605.00<\/span><\/div>\n\t\t\t\t\n\t\t\t\t\n\t\t\t<\/li><li class=\"wc-block-grid__product\"><span class=\"gtm4wp_productdata\" style=\"display:none; visibility:hidden;\" data-gtm4wp_product_data=\"{&quot;internal_id&quot;:22621,&quot;item_id&quot;:22621,&quot;item_name&quot;:&quot;Paquet de cas d&#039;utilisation de la protection des donn\\u00e9es RGPD&quot;,&quot;sku&quot;:&quot;13457&quot;,&quot;price&quot;:1210,&quot;stocklevel&quot;:null,&quot;stockstatus&quot;:&quot;instock&quot;,&quot;google_business_vertical&quot;:&quot;retail&quot;,&quot;item_category&quot;:&quot;Forfait de cas d&#039;utilisation&quot;,&quot;id&quot;:22621,&quot;item_brand&quot;:&quot;Protection des donn\\u00e9es&quot;,&quot;productlink&quot;:&quot;https:\\\/\\\/aivie.ch\\\/fr\\\/produit\\\/paquet-de-cas-dutilisation-de-la-protection-des-donnees-rgpd\\\/&quot;,&quot;item_list_name&quot;:&quot;Liste g\\u00e9n\\u00e9rale des produits&quot;,&quot;index&quot;:0,&quot;product_type&quot;:&quot;simple&quot;}\"><\/span>\n\t\t\t\t<a href=\"https:\/\/aivie.ch\/fr\/produit\/paquet-de-cas-dutilisation-de-la-protection-des-donnees-rgpd\/\" class=\"wc-block-grid__product-link\">\n\t\t\t\t\t\n\t\t\t\t\t<div class=\"wc-block-grid__product-image\"><img loading=\"lazy\" decoding=\"async\" width=\"240\" height=\"240\" src=\"https:\/\/cdn.aivie.ch\/media\/wp\/2023\/03\/24104013\/datenschutz_DSGVO-240x240.webp\" class=\"attachment-woocommerce_thumbnail size-woocommerce_thumbnail\" alt=\"Paquet de cas d&#039;utilisation de la protection des donn\u00e9es RGPD\" srcset=\"https:\/\/cdn.aivie.ch\/media\/wp\/2023\/03\/24104013\/datenschutz_DSGVO-240x240.webp 240w, https:\/\/cdn.aivie.ch\/media\/wp\/2023\/03\/24104013\/datenschutz_DSGVO-960x960.webp 960w, https:\/\/cdn.aivie.ch\/media\/wp\/2023\/03\/24104013\/datenschutz_DSGVO-768x768.webp 768w, https:\/\/cdn.aivie.ch\/media\/wp\/2023\/03\/24104013\/datenschutz_DSGVO-480x480.webp 480w, https:\/\/cdn.aivie.ch\/media\/wp\/2023\/03\/24104013\/datenschutz_DSGVO.webp 1080w\" sizes=\"auto, (max-width: 240px) 100vw, 240px\" title=\"\"><\/div>\n\t\t\t\t\t<div class=\"wc-block-grid__product-title\">Paquet de cas d&rsquo;utilisation de la protection des donn\u00e9es RGPD<\/div>\n\t\t\t\t<\/a>\n\t\t\t\t<div class=\"wc-block-grid__product-price price\"><span class=\"woocommerce-Price-amount amount\"><span class=\"woocommerce-Price-currencySymbol\">&#036;<\/span>1 210.00<\/span><\/div>\n\t\t\t\t\n\t\t\t\t\n\t\t\t<\/li><li class=\"wc-block-grid__product\"><span class=\"gtm4wp_productdata\" style=\"display:none; visibility:hidden;\" data-gtm4wp_product_data=\"{&quot;internal_id&quot;:22620,&quot;item_id&quot;:22620,&quot;item_name&quot;:&quot;Paquet de cas d&#039;utilisation de la protection des donn\\u00e9es revDSG&quot;,&quot;sku&quot;:&quot;19643-1&quot;,&quot;price&quot;:1210,&quot;stocklevel&quot;:null,&quot;stockstatus&quot;:&quot;instock&quot;,&quot;google_business_vertical&quot;:&quot;retail&quot;,&quot;item_category&quot;:&quot;Forfait de cas d&#039;utilisation&quot;,&quot;id&quot;:22620,&quot;item_brand&quot;:&quot;Protection des donn\\u00e9es&quot;,&quot;productlink&quot;:&quot;https:\\\/\\\/aivie.ch\\\/fr\\\/produit\\\/paquet-de-cas-dutilisation-de-la-protection-des-donnees-revdsg\\\/&quot;,&quot;item_list_name&quot;:&quot;Liste g\\u00e9n\\u00e9rale des produits&quot;,&quot;index&quot;:0,&quot;product_type&quot;:&quot;simple&quot;}\"><\/span>\n\t\t\t\t<a href=\"https:\/\/aivie.ch\/fr\/produit\/paquet-de-cas-dutilisation-de-la-protection-des-donnees-revdsg\/\" class=\"wc-block-grid__product-link\">\n\t\t\t\t\t\n\t\t\t\t\t<div class=\"wc-block-grid__product-image\"><img loading=\"lazy\" decoding=\"async\" width=\"240\" height=\"240\" src=\"https:\/\/cdn.aivie.ch\/media\/wp\/2023\/03\/24104016\/Datenschutz_revDSG-240x240.webp\" class=\"attachment-woocommerce_thumbnail size-woocommerce_thumbnail\" alt=\"Paquet de cas d&#039;utilisation de la protection des donn\u00e9es revDSG\" srcset=\"https:\/\/cdn.aivie.ch\/media\/wp\/2023\/03\/24104016\/Datenschutz_revDSG-240x240.webp 240w, https:\/\/cdn.aivie.ch\/media\/wp\/2023\/03\/24104016\/Datenschutz_revDSG-960x960.webp 960w, https:\/\/cdn.aivie.ch\/media\/wp\/2023\/03\/24104016\/Datenschutz_revDSG-768x768.webp 768w, https:\/\/cdn.aivie.ch\/media\/wp\/2023\/03\/24104016\/Datenschutz_revDSG-480x480.webp 480w, https:\/\/cdn.aivie.ch\/media\/wp\/2023\/03\/24104016\/Datenschutz_revDSG.webp 1080w\" sizes=\"auto, (max-width: 240px) 100vw, 240px\" title=\"\"><\/div>\n\t\t\t\t\t<div class=\"wc-block-grid__product-title\">Paquet de cas d&rsquo;utilisation de la protection des donn\u00e9es revDSG<\/div>\n\t\t\t\t<\/a>\n\t\t\t\t<div class=\"wc-block-grid__product-price price\"><span class=\"woocommerce-Price-amount amount\"><span class=\"woocommerce-Price-currencySymbol\">&#036;<\/span>1 210.00<\/span><\/div>\n\t\t\t\t\n\t\t\t\t\n\t\t\t<\/li><li class=\"wc-block-grid__product\"><span class=\"gtm4wp_productdata\" style=\"display:none; visibility:hidden;\" data-gtm4wp_product_data=\"{&quot;internal_id&quot;:27195,&quot;item_id&quot;:27195,&quot;item_name&quot;:&quot;Banni\\u00e8re de cookies Instant Service conforme au RGPD et \\u00e0 la LPD r\\u00e9vis\\u00e9e&quot;,&quot;sku&quot;:27195,&quot;price&quot;:418,&quot;stocklevel&quot;:null,&quot;stockstatus&quot;:&quot;instock&quot;,&quot;google_business_vertical&quot;:&quot;retail&quot;,&quot;item_category&quot;:&quot;Services instantan\\u00e9s&quot;,&quot;id&quot;:27195,&quot;item_brand&quot;:&quot;Services instantan\\u00e9s&quot;,&quot;productlink&quot;:&quot;https:\\\/\\\/aivie.ch\\\/fr\\\/produit\\\/banniere-de-cookies-instant-service-conforme-au-rgpd-et-a-la-lpd-revisee\\\/&quot;,&quot;item_list_name&quot;:&quot;Liste g\\u00e9n\\u00e9rale des produits&quot;,&quot;index&quot;:0,&quot;product_type&quot;:&quot;simple&quot;}\"><\/span>\n\t\t\t\t<a href=\"https:\/\/aivie.ch\/fr\/produit\/banniere-de-cookies-instant-service-conforme-au-rgpd-et-a-la-lpd-revisee\/\" class=\"wc-block-grid__product-link\">\n\t\t\t\t\t\n\t\t\t\t\t<div class=\"wc-block-grid__product-image\"><img loading=\"lazy\" decoding=\"async\" width=\"240\" height=\"240\" src=\"https:\/\/cdn.aivie.ch\/media\/wp\/2023\/02\/09110026\/Instant-Service-Cookie-Banner-DSGVO-konform.png\" class=\"attachment-woocommerce_thumbnail size-woocommerce_thumbnail\" alt=\"Banni\u00e8re de cookies Instant Service conforme au RGPD et \u00e0 la LPD r\u00e9vis\u00e9e\" srcset=\"https:\/\/cdn.aivie.ch\/media\/wp\/2023\/02\/09110026\/Instant-Service-Cookie-Banner-DSGVO-konform.png 240w, https:\/\/cdn.aivie.ch\/media\/wp\/2023\/02\/09110026\/Instant-Service-Cookie-Banner-DSGVO-konform-768x768.png 768w, https:\/\/cdn.aivie.ch\/media\/wp\/2023\/02\/09110026\/Instant-Service-Cookie-Banner-DSGVO-konform-480x480.png 480w, https:\/\/cdn.aivie.ch\/media\/wp\/2023\/02\/09110026\/Instant-Service-Cookie-Banner-DSGVO-konform.png 800w\" sizes=\"auto, (max-width: 240px) 100vw, 240px\" title=\"\"><\/div>\n\t\t\t\t\t<div class=\"wc-block-grid__product-title\">Banni\u00e8re de cookies Instant Service conforme au RGPD et \u00e0 la LPD r\u00e9vis\u00e9e<\/div>\n\t\t\t\t<\/a>\n\t\t\t\t<div class=\"wc-block-grid__product-price price\"><span class=\"woocommerce-Price-amount amount\"><span class=\"woocommerce-Price-currencySymbol\">&#036;<\/span>418.00<\/span><\/div>\n\t\t\t\t\n\t\t\t\t\n\t\t\t<\/li><\/ul><\/div>","protected":false},"excerpt":{"rendered":"<p>S\u00e9bastien, expert en protection des donn\u00e9es, r\u00e9pond \u00e0 vos questions sur la loi sur la protection des donn\u00e9es et le marketing automation. Mettre en place rapidement et facilement un site web conforme \u00e0 la protection des donn\u00e9es avec l&#8217;email marketing. Nous te montrons tout ce qu&rsquo;il faut savoir pour appliquer correctement la nouvelle loi sur &hellip; <a href=\"https:\/\/aivie.ch\/fr\/questions-et-reponses-sur-la-protection-des-donnees\/\" class=\"more-link\">Continuer la lecture de <span class=\"screen-reader-text\">Questions et r\u00e9ponses sur la protection des donn\u00e9es<\/span><\/a><\/p>\n","protected":false},"author":1,"featured_media":13593,"parent":0,"menu_order":0,"comment_status":"closed","ping_status":"closed","template":"front-page.php","meta":{"_acf_changed":false,"footnotes":""},"class_list":["post-17170","page","type-page","status-publish","has-post-thumbnail","hentry"],"acf":[],"featured_image_urls_v2":{"full":["https:\/\/cdn.aivie.ch\/media\/wp\/2023\/04\/04152701\/datenschutz-fragen-und-antworten-2.jpg",1280,720,false],"thumbnail":["https:\/\/cdn.aivie.ch\/media\/wp\/2023\/04\/04152701\/datenschutz-fragen-und-antworten-2-240x240.jpg",240,240,true],"medium":["https:\/\/cdn.aivie.ch\/media\/wp\/2023\/04\/04152701\/datenschutz-fragen-und-antworten-2-960x540.jpg",960,540,true],"medium_large":["https:\/\/cdn.aivie.ch\/media\/wp\/2023\/04\/04152701\/datenschutz-fragen-und-antworten-2-768x432.jpg",768,432,true],"large":["https:\/\/cdn.aivie.ch\/media\/wp\/2023\/04\/04152701\/datenschutz-fragen-und-antworten-2.jpg",990,557,false],"post-thumbnail":["https:\/\/cdn.aivie.ch\/media\/wp\/2023\/04\/04152701\/datenschutz-fragen-und-antworten-2-1200x675.jpg",1200,675,true],"aiv_480w":["https:\/\/cdn.aivie.ch\/media\/wp\/2023\/04\/04152701\/datenschutz-fragen-und-antworten-2-480x270.jpg",480,270,true],"woocommerce_thumbnail":["https:\/\/cdn.aivie.ch\/media\/wp\/2023\/04\/04152701\/datenschutz-fragen-und-antworten-2-240x240.jpg",240,240,true],"woocommerce_single":["https:\/\/cdn.aivie.ch\/media\/wp\/2023\/04\/04152701\/datenschutz-fragen-und-antworten-2-960x540.jpg",960,540,true],"woocommerce_gallery_thumbnail":["https:\/\/cdn.aivie.ch\/media\/wp\/2023\/04\/04152701\/datenschutz-fragen-und-antworten-2-240x240.jpg",240,240,true]},"post_excerpt_stackable_v2":"<p>S\u00e9bastien, expert en protection des donn\u00e9es, r\u00e9pond \u00e0 vos questions sur la loi sur la protection des donn\u00e9es et le marketing automation.Mettre en place rapidement et facilement un site web conforme \u00e0 la protection des donn\u00e9es avec l&#8217;email marketing. Nous te montrons tout ce qu&rsquo;il faut savoir pour appliquer correctement la nouvelle loi sur la protection des donn\u00e9es de la Suisse (revDSG) et de l&rsquo;UE (DSGVO\/GDPR) sur le plan juridique. Instagram ?Votre question sur Instagram et le droit \u00e0 la protection des donn\u00e9es est enregistr\u00e9e ici. Des cookies ?Sebastian r\u00e9pond \u00e0 la question sur Google Analytics et les banni\u00e8res de\u2026<\/p>\n","category_list_v2":"","author_info_v2":{"name":"Adrian Schimpf","url":"https:\/\/aivie.ch\/fr\/author\/adrian\/"},"comments_num_v2":"0 commentaire","_links":{"self":[{"href":"https:\/\/aivie.ch\/fr\/wp-json\/wp\/v2\/pages\/17170","targetHints":{"allow":["GET"]}}],"collection":[{"href":"https:\/\/aivie.ch\/fr\/wp-json\/wp\/v2\/pages"}],"about":[{"href":"https:\/\/aivie.ch\/fr\/wp-json\/wp\/v2\/types\/page"}],"author":[{"embeddable":true,"href":"https:\/\/aivie.ch\/fr\/wp-json\/wp\/v2\/users\/1"}],"replies":[{"embeddable":true,"href":"https:\/\/aivie.ch\/fr\/wp-json\/wp\/v2\/comments?post=17170"}],"version-history":[{"count":1,"href":"https:\/\/aivie.ch\/fr\/wp-json\/wp\/v2\/pages\/17170\/revisions"}],"predecessor-version":[{"id":17195,"href":"https:\/\/aivie.ch\/fr\/wp-json\/wp\/v2\/pages\/17170\/revisions\/17195"}],"wp:featuredmedia":[{"embeddable":true,"href":"https:\/\/aivie.ch\/fr\/wp-json\/wp\/v2\/media\/13593"}],"wp:attachment":[{"href":"https:\/\/aivie.ch\/fr\/wp-json\/wp\/v2\/media?parent=17170"}],"curies":[{"name":"wp","href":"https:\/\/api.w.org\/{rel}","templated":true}]}}