{"id":17153,"date":"2023-12-15T05:41:03","date_gmt":"2023-12-15T03:41:03","guid":{"rendered":"https:\/\/aivie.ch\/loi-sur-la-protection-des-donnees-questions-sucess-page\/"},"modified":"2023-12-15T05:41:17","modified_gmt":"2023-12-15T03:41:17","slug":"loi-sur-la-protection-des-donnees-questions-sucess-page","status":"publish","type":"page","link":"https:\/\/aivie.ch\/fr\/loi-sur-la-protection-des-donnees-questions-sucess-page\/","title":{"rendered":"Loi sur la protection des donn\u00e9es Questions Sucess Page"},"content":{"rendered":"\n<div style=\"height:135px\" aria-hidden=\"true\" class=\"wp-block-spacer\"><\/div>\n\n<h1 class=\"wp-block-heading\">Merci. Ta question nous parvient.<\/h1>\n\n<p>En attendant, nous avons r\u00e9uni ici quelques informations sur le th\u00e8me de la protection des donn\u00e9es.<\/p>\n\n<div style=\"height:40px\" aria-hidden=\"true\" class=\"wp-block-spacer\"><\/div>\n\n<div class=\"alignfull wp-block-ugb-columns ugb-columns aiv-col-2 ugb-37074d1 ugb-columns--design-plain ugb-columns--columns-2 ugb-main-block ugb-main-block--inner-center ugb--has-block-background ugb--has-background-overlay\"><style>.ugb-37074d1.ugb-columns{background-color:#EFF0F1;background-image:url(https:\/\/cdn.aivie.ch\/media\/wp\/2021\/06\/19131703\/pattern-u-960w.png);background-position:bottom right;background-repeat:no-repeat;background-size:40% !important}.ugb-37074d1.ugb-columns:before{background-color:#EFF0F1;opacity:0.5}@media screen and (min-width:768px){.ugb-37074d1.ugb-columns{padding-right:35px !important}}<\/style><div class=\"ugb-inner-block ugb-inner-block--center\"><div class=\"ugb-block-content\"><div class=\"ugb-columns__item ugb-37074d1-content-wrapper\">\n<div class=\"wp-block-ugb-column ugb-column ugb-3a1d42f ugb-column--design-plain ugb-main-block\"><div class=\"ugb-inner-block\"><div class=\"ugb-block-content\"><div class=\"ugb-column__item ugb-3a1d42f-column-wrapper\"><div class=\"ugb-column__content-wrapper\">\n<div class=\"wp-block-ugb-heading ugb-heading ugb-a312fd4 ugb-main-block\"><div class=\"ugb-inner-block\"><div class=\"ugb-block-content\"><h2 class=\"ugb-heading__title\">Ce que tu dois savoir sur la r\u00e9vision de la loi suisse sur la protection des donn\u00e9es<\/h2><p class=\"ugb-heading__subtitle\">Nous t&rsquo;expliquons les principales modifications de la nouvelle loi suisse sur la protection des donn\u00e9es (revDSG) pour le marketing num\u00e9rique dans un aper\u00e7u compr\u00e9hensible.<\/p><\/div><\/div><\/div>\n\n\n\n<div class=\"wp-block-ugb-button ugb-button-wrapper ugb-7e99d47 ugb-main-block\"><style>.ugb-7e99d47 .ugb-block-content{justify-content:flex-start !important}.ugb-7e99d47 .ugb-inner-block{text-align:left}<\/style><div class=\"ugb-inner-block\"><div class=\"ugb-block-content\"><div class=\"ugb-button-container\"><a class=\"ugb-button1 ugb-button ugb-button--size-normal\" href=\"https:\/\/aivie.ch\/fr\/nouvelle-loi-sur-la-protection-des-donnees-en-suisse-nlpd-ou-revlpd-lessentiel-en-bref\/\" rel=\"\" title=\"\"><span class=\"ugb-button--inner\">Vers l&rsquo;article<\/span><\/a><\/div><\/div><\/div><\/div>\n<\/div><\/div><\/div><\/div><\/div>\n\n\n\n<div class=\"wp-block-ugb-column ugb-column ugb-6701c74 ugb-column--design-plain ugb-main-block\"><div class=\"ugb-inner-block\"><div class=\"ugb-block-content\"><div class=\"ugb-column__item ugb-6701c74-column-wrapper\"><div class=\"ugb-column__content-wrapper\">\n<div style=\"height:64px\" aria-hidden=\"true\" class=\"wp-block-spacer\"><\/div>\n\n\n\n<figure class=\"wp-block-image alignleft size-full is-resized\"><img loading=\"lazy\" decoding=\"async\" src=\"https:\/\/cdn.aivie.ch\/media\/wp\/2023\/03\/07114839\/DatenschutzWebinar-revDSG.png\" alt=\"\" class=\"wp-image-13250\" width=\"415\" height=\"233\" title=\"\" srcset=\"https:\/\/cdn.aivie.ch\/media\/wp\/2023\/03\/07114839\/DatenschutzWebinar-revDSG.png 1920w, https:\/\/cdn.aivie.ch\/media\/wp\/2023\/03\/07114839\/DatenschutzWebinar-revDSG-960x540.png 960w, https:\/\/cdn.aivie.ch\/media\/wp\/2023\/03\/07114839\/DatenschutzWebinar-revDSG-768x432.png 768w, https:\/\/cdn.aivie.ch\/media\/wp\/2023\/03\/07114839\/DatenschutzWebinar-revDSG-1200x675.png 1200w, https:\/\/cdn.aivie.ch\/media\/wp\/2023\/03\/07114839\/DatenschutzWebinar-revDSG-480x270.png 480w\" sizes=\"auto, (max-width: 415px) 100vw, 415px\" \/><\/figure>\n<\/div><\/div><\/div><\/div><\/div>\n<\/div><\/div><\/div><\/div>\n\n<div class=\"alignfull wp-block-ugb-container ugb-container ugb-3efb5d6 ugb-container--v2 ugb-container--design-plain ugb-main-block ugb-main-block--inner-center ugb--has-block-background ugb--has-background-overlay\"><style>.ugb-3efb5d6.ugb-container{background-image:url(https:\/\/cdn.aivie.ch\/media\/wp\/2021\/06\/19131703\/pattern-u-960w.png);background-position:top right;background-repeat:no-repeat;background-size:40% !important}.ugb-3efb5d6.ugb-container:before{opacity:0.5}@media screen and (min-width:768px){.ugb-3efb5d6-content-wrapper.ugb-container__content-wrapper{width:90% !important}.ugb-3efb5d6.ugb-container{margin-top:0px !important;padding-top:0px !important;padding-right:35px !important;padding-left:35px !important}}<\/style><div class=\"ugb-inner-block ugb-inner-block--center\"><div class=\"ugb-block-content\"><div class=\"ugb-container__wrapper ugb-3efb5d6-wrapper\"><div class=\"ugb-container__side\"><div class=\"ugb-container__content-wrapper ugb-3efb5d6-content-wrapper\">\n<h2 class=\"wp-block-heading\" id=\"h-datenschutz-und-revdsg-in-marketing-automation\">Protection des donn\u00e9es et revDSG dans le marketing automation<\/h2>\n\n\n\n<p>Mettre en place rapidement et facilement un site web conforme \u00e0 la protection des donn\u00e9es avec l&#8217;email marketing. Nous te montrons tout ce qu&rsquo;il faut savoir pour appliquer correctement la nouvelle loi sur la protection des donn\u00e9es de la Suisse (revDSG) et de l&rsquo;UE (DSGVO\/GDPR) sur le plan juridique.<\/p>\n\n\n\n<div class=\"wp-block-columns is-layout-flex wp-container-core-columns-is-layout-9d6595d7 wp-block-columns-is-layout-flex\">\n<div class=\"wp-block-column is-layout-flow wp-block-column-is-layout-flow\">\n<figure class=\"wp-block-image size-thumbnail\"><img loading=\"lazy\" decoding=\"async\" width=\"240\" height=\"240\" src=\"https:\/\/cdn.aivie.ch\/media\/wp\/2022\/05\/02154128\/Datenschutz-Checkliste-Schweiz-240x240.png\" alt=\"nouvelle loi sur la protection des donn&#xE9;es en Suisse Check-list Aivie\" class=\"wp-image-7121\" title=\"\" srcset=\"https:\/\/cdn.aivie.ch\/media\/wp\/2022\/05\/02154128\/Datenschutz-Checkliste-Schweiz-240x240.png 240w, https:\/\/cdn.aivie.ch\/media\/wp\/2022\/05\/02154128\/Datenschutz-Checkliste-Schweiz-768x768.png 768w, https:\/\/cdn.aivie.ch\/media\/wp\/2022\/05\/02154128\/Datenschutz-Checkliste-Schweiz-480x480.png 480w, https:\/\/cdn.aivie.ch\/media\/wp\/2022\/05\/02154128\/Datenschutz-Checkliste-Schweiz-600x600.png 600w, https:\/\/cdn.aivie.ch\/media\/wp\/2022\/05\/02154128\/Datenschutz-Checkliste-Schweiz-300x300.png 300w, https:\/\/cdn.aivie.ch\/media\/wp\/2022\/05\/02154128\/Datenschutz-Checkliste-Schweiz-100x100.png 100w, https:\/\/cdn.aivie.ch\/media\/wp\/2022\/05\/02154128\/Datenschutz-Checkliste-Schweiz.png 800w\" sizes=\"auto, (max-width: 240px) 100vw, 240px\" \/><\/figure>\n\n\n\n<h3 class=\"wp-block-heading\" id=\"h-datenschutzgesetz-checklist\">Liste de contr\u00f4le de la loi sur la protection des donn\u00e9es<\/h3>\n\n\n\n<p>La nouvelle loi suisse sur la protection des donn\u00e9es, l&rsquo;essentiel en bref.<\/p>\n\n\n\n<div class=\"wp-block-ugb-button ugb-button-wrapper ugb-5dc2a14 ugb-main-block\"><style>.ugb-5dc2a14 .ugb-block-content{justify-content:flex-start !important}.ugb-5dc2a14 .ugb-inner-block{text-align:left}<\/style><div class=\"ugb-inner-block\"><div class=\"ugb-block-content\"><div class=\"ugb-button-container\"><a class=\"ugb-button1 ugb-button ugb-button--size-normal ugb-button--design-plain\" href=\"https:\/\/aivie.ch\/fr\/nouvelle-loi-sur-la-protection-des-donnees-en-suisse-nlpd-ou-revlpd-lessentiel-en-bref\/#checkliste\" rel=\"\" title=\"\"><span class=\"ugb-button--inner\">T\u00e9l\u00e9charger la liste de contr\u00f4le<\/span><\/a><\/div><\/div><\/div><\/div>\n<\/div>\n\n\n\n<div class=\"wp-block-column is-layout-flow wp-block-column-is-layout-flow\">\n<figure class=\"wp-block-image size-thumbnail\"><img loading=\"lazy\" decoding=\"async\" width=\"240\" height=\"240\" src=\"https:\/\/cdn.aivie.ch\/media\/wp\/2021\/06\/19131424\/workshop5-240x240.png\" alt=\"Protection des donn&#xE9;es Aivie Mautic Workshop\" class=\"wp-image-4150\" title=\"\" srcset=\"https:\/\/cdn.aivie.ch\/media\/wp\/2021\/06\/19131424\/workshop5-240x240.png 240w, https:\/\/cdn.aivie.ch\/media\/wp\/2021\/06\/19131424\/workshop5-768x768.png 768w, https:\/\/cdn.aivie.ch\/media\/wp\/2021\/06\/19131424\/workshop5-480x480.png 480w, https:\/\/cdn.aivie.ch\/media\/wp\/2021\/06\/19131424\/workshop5-300x300.png 300w, https:\/\/cdn.aivie.ch\/media\/wp\/2021\/06\/19131424\/workshop5-600x600.png 600w, https:\/\/cdn.aivie.ch\/media\/wp\/2021\/06\/19131424\/workshop5-100x100.png 100w, https:\/\/cdn.aivie.ch\/media\/wp\/2021\/06\/19131424\/workshop5.png 800w\" sizes=\"auto, (max-width: 240px) 100vw, 240px\" \/><\/figure>\n\n\n\n<h3 class=\"wp-block-heading\" id=\"h-revdsg-und-dsgvo-datenschutz-workshop\">Atelier sur la protection des donn\u00e9es revDSG et DSGVO<\/h3>\n\n\n\n<p>Communiquer en conformit\u00e9 avec la RGPD, nous te montrons ce qui est possible et ce qui ne l&rsquo;est pas dans l&rsquo;e-mail marketing.<\/p>\n\n\n\n<div class=\"wp-block-ugb-button ugb-button-wrapper ugb-b853e62 ugb-main-block\"><style>.ugb-b853e62 .ugb-block-content{justify-content:flex-start !important}.ugb-b853e62 .ugb-inner-block{text-align:left}<\/style><div class=\"ugb-inner-block\"><div class=\"ugb-block-content\"><div class=\"ugb-button-container\"><a class=\"ugb-button1 ugb-button ugb-button--size-normal ugb-button--design-plain\" href=\"https:\/\/aivie.ch\/product\/workshop-sicher-unterwegs-als-aivie-mautic-anwender\/\" rel=\"\" title=\"\"><span class=\"ugb-button--inner\">Vers l&rsquo;atelier<\/span><\/a><\/div><\/div><\/div><\/div>\n<\/div>\n\n\n\n<div class=\"wp-block-column is-layout-flow wp-block-column-is-layout-flow\">\n<figure class=\"wp-block-image size-thumbnail\"><img decoding=\"async\" src=\"https:\/\/aivie.ch\/wp-content\/uploads\/2022\/04\/Das-neue-Datenschutzgesetz-in-der-Schweiz-einfach-erkla&#x308;rt-1-240x240.webp\" alt=\"La nouvelle loi sur la protection des donn&#xE9;es en Suisse - expliqu&#xE9;e simplement\" class=\"wp-image-6734\" title=\"\"><\/figure>\n\n\n\n<h3 class=\"wp-block-heading\" id=\"h-datenschutzgesetz-sicher-umsetzen\">Appliquer la loi sur la protection des donn\u00e9es en toute s\u00e9curit\u00e9<\/h3>\n\n\n\n<p>Rapide et simple, conforme \u00e0 la loi revDSG. Le paquet contient tout ce qu&rsquo;il faut.<\/p>\n\n\n\n<div class=\"wp-block-ugb-button ugb-button-wrapper ugb-57ae883 ugb-main-block\"><style>.ugb-57ae883 .ugb-block-content{justify-content:flex-start !important}.ugb-57ae883 .ugb-inner-block{text-align:left}<\/style><div class=\"ugb-inner-block\"><div class=\"ugb-block-content\"><div class=\"ugb-button-container\"><a class=\"ugb-button1 ugb-button ugb-button--size-normal ugb-button--design-plain\" href=\"https:\/\/aivie.ch\/product\/datenschutz-quick-starter-aivie\/\" rel=\"\" title=\"\"><span class=\"ugb-button--inner\">Quick Starter Protection des donn\u00e9es<\/span><\/a><\/div><\/div><\/div><\/div>\n<\/div>\n<\/div>\n<\/div><\/div><\/div><\/div><\/div><\/div>\n","protected":false},"excerpt":{"rendered":"<p>Merci. Ta question nous parvient. En attendant, nous avons r\u00e9uni ici quelques informations sur le th\u00e8me de la protection des donn\u00e9es. Ce que tu dois savoir sur la r\u00e9vision de la loi suisse sur la protection des donn\u00e9es Nous t&rsquo;expliquons les principales modifications de la nouvelle loi suisse sur la protection des donn\u00e9es (revDSG) pour &hellip; <a href=\"https:\/\/aivie.ch\/fr\/loi-sur-la-protection-des-donnees-questions-sucess-page\/\" class=\"more-link\">Continuer la lecture de <span class=\"screen-reader-text\">Loi sur la protection des donn\u00e9es Questions Sucess Page<\/span><\/a><\/p>\n","protected":false},"author":1,"featured_media":0,"parent":0,"menu_order":0,"comment_status":"closed","ping_status":"closed","template":"front-page.php","meta":{"_acf_changed":false,"footnotes":""},"class_list":["post-17153","page","type-page","status-publish","hentry"],"acf":[],"featured_image_urls_v2":{"full":"","thumbnail":"","medium":"","medium_large":"","large":"","post-thumbnail":"","aiv_480w":"","woocommerce_thumbnail":"","woocommerce_single":"","woocommerce_gallery_thumbnail":""},"post_excerpt_stackable_v2":"<p>Merci. Ta question nous parvient. En attendant, nous avons r\u00e9uni ici quelques informations sur le th\u00e8me de la protection des donn\u00e9es. Ce que tu dois savoir sur la r\u00e9vision de la loi suisse sur la protection des donn\u00e9esNous t&rsquo;expliquons les principales modifications de la nouvelle loi suisse sur la protection des donn\u00e9es (revDSG) pour le marketing num\u00e9rique dans un aper\u00e7u compr\u00e9hensible. Vers l&rsquo;article Protection des donn\u00e9es et revDSG dans le marketing automation Mettre en place rapidement et facilement un site web conforme \u00e0 la protection des donn\u00e9es avec l&#8217;email marketing. Nous te montrons tout ce qu&rsquo;il faut savoir pour appliquer\u2026<\/p>\n","category_list_v2":"","author_info_v2":{"name":"Adrian Schimpf","url":"https:\/\/aivie.ch\/fr\/author\/adrian\/"},"comments_num_v2":"0 commentaire","_links":{"self":[{"href":"https:\/\/aivie.ch\/fr\/wp-json\/wp\/v2\/pages\/17153","targetHints":{"allow":["GET"]}}],"collection":[{"href":"https:\/\/aivie.ch\/fr\/wp-json\/wp\/v2\/pages"}],"about":[{"href":"https:\/\/aivie.ch\/fr\/wp-json\/wp\/v2\/types\/page"}],"author":[{"embeddable":true,"href":"https:\/\/aivie.ch\/fr\/wp-json\/wp\/v2\/users\/1"}],"replies":[{"embeddable":true,"href":"https:\/\/aivie.ch\/fr\/wp-json\/wp\/v2\/comments?post=17153"}],"version-history":[{"count":1,"href":"https:\/\/aivie.ch\/fr\/wp-json\/wp\/v2\/pages\/17153\/revisions"}],"predecessor-version":[{"id":17162,"href":"https:\/\/aivie.ch\/fr\/wp-json\/wp\/v2\/pages\/17153\/revisions\/17162"}],"wp:attachment":[{"href":"https:\/\/aivie.ch\/fr\/wp-json\/wp\/v2\/media?parent=17153"}],"curies":[{"name":"wp","href":"https:\/\/api.w.org\/{rel}","templated":true}]}}