{"id":23189,"date":"2025-05-15T15:51:27","date_gmt":"2025-05-15T13:51:27","guid":{"rendered":"https:\/\/aivie.ch\/faq\/un-delegue-a-la-protection-des-donnees-est-il-obligatoire-en-suisse\/"},"modified":"2026-01-11T14:50:54","modified_gmt":"2026-01-11T12:50:54","slug":"un-delegue-a-la-protection-des-donnees-est-il-obligatoire-en-suisse","status":"publish","type":"faq","link":"https:\/\/aivie.ch\/fr\/faq\/un-delegue-a-la-protection-des-donnees-est-il-obligatoire-en-suisse\/","title":{"rendered":"Un d\u00e9l\u00e9gu\u00e9 \u00e0 la protection des donn\u00e9es est-il obligatoire en Suisse&nbsp;?"},"content":{"rendered":"\n<p>Les entreprises \u00e9trang\u00e8res qui traitent des donn\u00e9es de personnes en Suisse dans le cadre d\u2019\u00e9changes de marchandises ou de prestations de services, ou \u00e0 des fins d\u2019observation du comportement, doivent d\u00e9signer un repr\u00e9sentant en Suisse.<\/p>\n\n<!--more-->\n\n<p>M\u00eame si le traitement des donn\u00e9es est important ou r\u00e9gulier, ou s\u2019il implique un risque \u00e9lev\u00e9 pour la personnalit\u00e9 des personnes concern\u00e9es, un repr\u00e9sentant doit \u00eatre d\u00e9sign\u00e9. Pour les entreprises suisses, la nomination d\u2019un d\u00e9l\u00e9gu\u00e9 \u00e0 la protection des donn\u00e9es est facultative. <\/p>\n","protected":false},"excerpt":{"rendered":"<p>Les entreprises \u00e9trang\u00e8res qui traitent des donn\u00e9es de personnes en Suisse dans le cadre d\u2019\u00e9changes de marchandises ou de prestations de services, ou \u00e0 des fins d\u2019observation du comportement, doivent d\u00e9signer un repr\u00e9sentant en Suisse.<\/p>\n","protected":false},"featured_media":0,"template":"","categories":[],"tags":[],"FaqCategories":[541],"FaqTags":[1098],"class_list":["post-23189","faq","type-faq","status-publish","hentry","FaqCategories-protection-des-donnees","FaqTags-nouvelle-loi-sur-la-protection-des-donnees"],"acf":[],"featured_image_urls_v2":{"full":"","thumbnail":"","medium":"","medium_large":"","large":"","post-thumbnail":"","aiv_480w":"","woocommerce_thumbnail":"","woocommerce_single":"","woocommerce_gallery_thumbnail":""},"post_excerpt_stackable_v2":"<p>Les entreprises \u00e9trang\u00e8res qui traitent des donn\u00e9es de personnes en Suisse dans le cadre d\u2019\u00e9changes de marchandises ou de prestations de services, ou \u00e0 des fins d\u2019observation du comportement, doivent d\u00e9signer un repr\u00e9sentant en Suisse. M\u00eame si le traitement des donn\u00e9es est important ou r\u00e9gulier, ou s\u2019il implique un risque \u00e9lev\u00e9 pour la personnalit\u00e9 des personnes concern\u00e9es, un repr\u00e9sentant doit \u00eatre d\u00e9sign\u00e9. Pour les entreprises suisses, la nomination d\u2019un d\u00e9l\u00e9gu\u00e9 \u00e0 la protection des donn\u00e9es est facultative.<\/p>\n","category_list_v2":"Non class\u00e9","author_info_v2":{"name":"","url":""},"comments_num_v2":"0 commentaire","_links":{"self":[{"href":"https:\/\/aivie.ch\/fr\/wp-json\/wp\/v2\/faq\/23189","targetHints":{"allow":["GET"]}}],"collection":[{"href":"https:\/\/aivie.ch\/fr\/wp-json\/wp\/v2\/faq"}],"about":[{"href":"https:\/\/aivie.ch\/fr\/wp-json\/wp\/v2\/types\/faq"}],"version-history":[{"count":2,"href":"https:\/\/aivie.ch\/fr\/wp-json\/wp\/v2\/faq\/23189\/revisions"}],"predecessor-version":[{"id":27228,"href":"https:\/\/aivie.ch\/fr\/wp-json\/wp\/v2\/faq\/23189\/revisions\/27228"}],"wp:attachment":[{"href":"https:\/\/aivie.ch\/fr\/wp-json\/wp\/v2\/media?parent=23189"}],"wp:term":[{"taxonomy":"category","embeddable":true,"href":"https:\/\/aivie.ch\/fr\/wp-json\/wp\/v2\/categories?post=23189"},{"taxonomy":"post_tag","embeddable":true,"href":"https:\/\/aivie.ch\/fr\/wp-json\/wp\/v2\/tags?post=23189"},{"taxonomy":"FaqCategories","embeddable":true,"href":"https:\/\/aivie.ch\/fr\/wp-json\/wp\/v2\/FaqCategories?post=23189"},{"taxonomy":"FaqTags","embeddable":true,"href":"https:\/\/aivie.ch\/fr\/wp-json\/wp\/v2\/FaqTags?post=23189"}],"curies":[{"name":"wp","href":"https:\/\/api.w.org\/{rel}","templated":true}]}}