{"id":26222,"date":"2026-01-11T14:11:44","date_gmt":"2026-01-11T12:11:44","guid":{"rendered":"https:\/\/aivie.ch\/kysymyksiae-ja-vastauksia-tietosuojasta\/"},"modified":"2026-01-11T14:11:51","modified_gmt":"2026-01-11T12:11:51","slug":"kysymyksiae-ja-vastauksia-tietosuojasta","status":"publish","type":"page","link":"https:\/\/aivie.ch\/fi\/kysymyksiae-ja-vastauksia-tietosuojasta\/","title":{"rendered":"Kysymyksi\u00e4 ja vastauksia tietosuojasta"},"content":{"rendered":"\n<div class=\"alignfull wp-block-ugb-container ugb-container ugb-3efb5d6 ugb-container--v2 ugb-container--design-plain ugb-main-block ugb-main-block--inner-center ugb--has-block-background ugb--has-background-overlay\"><style>.ugb-3efb5d6.ugb-container{background-image:url(https:\/\/cdn.aivie.ch\/media\/wp\/2021\/06\/19131703\/pattern-u-960w.png);background-position:top right;background-repeat:no-repeat;background-size:40% !important}.ugb-3efb5d6.ugb-container:before{opacity:0.5}@media screen and (min-width:768px){.ugb-3efb5d6-content-wrapper.ugb-container__content-wrapper{width:90% !important}.ugb-3efb5d6.ugb-container{margin-top:0px !important;padding-top:0px !important;padding-right:35px !important;padding-left:35px !important}}<\/style><div class=\"ugb-inner-block ugb-inner-block--center\"><div class=\"ugb-block-content\"><div class=\"ugb-container__wrapper ugb-3efb5d6-wrapper\"><div class=\"ugb-container__side\"><div class=\"ugb-container__content-wrapper ugb-3efb5d6-content-wrapper\">\n<div class=\"wp-block-ugb-heading ugb-heading ugb-d532239 ugb-main-block\"><style>.ugb-d532239 .ugb-heading__title{text-align:left}.ugb-d532239 .ugb-inner-block{text-align:left}@media screen and (min-width:768px){.ugb-d532239.ugb-heading{margin-right:250px !important}}<\/style><div class=\"ugb-inner-block\"><div class=\"ugb-block-content\"><h1 class=\"ugb-heading__title\">Tietosuoja-asiantuntija Sebastian vastaa kysymyksiisi tietosuojalains\u00e4\u00e4d\u00e4nn\u00f6st\u00e4 ja markkinoinnin automatisoinnista.<\/h1><p class=\"ugb-heading__subtitle\">Perustat nopeasti ja helposti tietosuojavaatimusten mukaisen verkkosivuston, jossa on s\u00e4hk\u00f6postimarkkinointia. N\u00e4yt\u00e4mme sinulle kaiken, mit\u00e4 tarvitset uuden Sveitsin tietosuojalain (revDSG) ja EU:n yleisen tietosuoja-asetuksen (GDPR) asianmukaiseen t\u00e4yt\u00e4nt\u00f6\u00f6npanoon. <\/p><\/div><\/div><\/div>\n<\/div><\/div><\/div><\/div><\/div><\/div>\n\n<div class=\"alignfull wp-block-ugb-columns ugb-columns aiv-col-2 ugb-2c914d3 ugb-columns--design-plain ugb-columns--columns-2 ugb-main-block ugb-main-block--inner-center ugb--has-block-background ugb--has-background-overlay\"><style>.ugb-2c914d3.ugb-columns{background-color:#EFF0F1;background-image:url(https:\/\/cdn.aivie.ch\/media\/wp\/2021\/06\/19131703\/pattern-u-960w.png);background-position:bottom right;background-repeat:no-repeat;background-size:40% !important}.ugb-2c914d3.ugb-columns:before{background-color:#EFF0F1;opacity:0.5}@media screen and (min-width:768px){.ugb-2c914d3.ugb-columns{padding-right:35px !important}}<\/style><div class=\"ugb-inner-block ugb-inner-block--center\"><div class=\"ugb-block-content\"><div class=\"ugb-columns__item ugb-2c914d3-content-wrapper\">\n<div class=\"wp-block-ugb-column ugb-column ugb-2ab2134 ugb-column--design-plain ugb-main-block\"><div class=\"ugb-inner-block\"><div class=\"ugb-block-content\"><div class=\"ugb-column__item ugb-2ab2134-column-wrapper\"><div class=\"ugb-column__content-wrapper\">\n<figure class=\"wp-block-embed is-type-video is-provider-youtube wp-block-embed-youtube wp-embed-aspect-16-9 wp-has-aspect-ratio\"><div class=\"wp-block-embed__wrapper\">\n<iframe loading=\"lazy\" title=\"Datenschutz (revDSG\/DSGVO) und Instagram\" width=\"990\" height=\"557\" src=\"https:\/\/www.youtube.com\/embed\/VfQiRnL6kzc?feature=oembed\" frameborder=\"0\" allow=\"accelerometer; autoplay; clipboard-write; encrypted-media; gyroscope; picture-in-picture; web-share\" referrerpolicy=\"strict-origin-when-cross-origin\" allowfullscreen><\/iframe>\n<\/div><\/figure>\n<\/div><\/div><\/div><\/div><\/div>\n\n\n\n<div class=\"wp-block-ugb-column ugb-column ugb-2d87b85 ugb-column--design-plain ugb-main-block\"><div class=\"ugb-inner-block\"><div class=\"ugb-block-content\"><div class=\"ugb-column__item ugb-2d87b85-column-wrapper\"><div class=\"ugb-column__content-wrapper\">\n<div class=\"wp-block-ugb-heading ugb-heading ugb-ca4e061 ugb-main-block\"><div class=\"ugb-inner-block\"><div class=\"ugb-block-content\"><h2 class=\"ugb-heading__title\">Instagram?<\/h2><p class=\"ugb-heading__subtitle\">Kysymyksesi<strong> <\/strong>Instagramista ja tietosuojalains\u00e4\u00e4d\u00e4nn\u00f6st\u00e4 sis\u00e4ltyy t\u00e4h\u00e4n.  <\/p><\/div><\/div><\/div>\n<\/div><\/div><\/div><\/div><\/div>\n<\/div><\/div><\/div><\/div>\n\n<div class=\"alignfull wp-block-ugb-columns ugb-columns aiv-col-2 ugb-6212696 ugb-columns--design-plain ugb-columns--columns-2 ugb-main-block ugb-main-block--inner-center ugb--has-block-background ugb--has-background-overlay\"><style>.ugb-6212696.ugb-columns{background-color:#ffffff;background-image:url(https:\/\/cdn.aivie.ch\/media\/wp\/2021\/06\/19131703\/pattern-u-960w.png);background-position:bottom right;background-repeat:no-repeat;background-size:40% !important}.ugb-6212696.ugb-columns:before{background-color:#ffffff;opacity:0.5}@media screen and (min-width:768px){.ugb-6212696.ugb-columns{padding-right:35px !important}}<\/style><div class=\"ugb-inner-block ugb-inner-block--center\"><div class=\"ugb-block-content\"><div class=\"ugb-columns__item ugb-6212696-content-wrapper\">\n<div class=\"wp-block-ugb-column ugb-column ugb-25e0c89 ugb-column--design-plain ugb-main-block\"><div class=\"ugb-inner-block\"><div class=\"ugb-block-content\"><div class=\"ugb-column__item ugb-25e0c89-column-wrapper\"><div class=\"ugb-column__content-wrapper\">\n<div class=\"wp-block-ugb-heading ugb-heading ugb-23a71da ugb-main-block\"><div class=\"ugb-inner-block\"><div class=\"ugb-block-content\"><h2 class=\"ugb-heading__title\">Ev\u00e4steet?<\/h2><p class=\"ugb-heading__subtitle\">Sebastian vastaa Google Analyticsia ja ev\u00e4steiden bannereita koskevaan kysymykseen.<\/p><\/div><\/div><\/div>\n<\/div><\/div><\/div><\/div><\/div>\n\n\n\n<div class=\"wp-block-ugb-column ugb-column ugb-44c4afe ugb-column--design-plain ugb-main-block\"><div class=\"ugb-inner-block\"><div class=\"ugb-block-content\"><div class=\"ugb-column__item ugb-44c4afe-column-wrapper\"><div class=\"ugb-column__content-wrapper\">\n<figure class=\"wp-block-embed is-type-video is-provider-youtube wp-block-embed-youtube wp-embed-aspect-16-9 wp-has-aspect-ratio\"><div class=\"wp-block-embed__wrapper\">\n<iframe loading=\"lazy\" title=\"Datenschutz und Cookies - Datenschutz Webinar Aivie &amp; Lexr\" width=\"990\" height=\"557\" src=\"https:\/\/www.youtube.com\/embed\/4f6QHn3u9wM?feature=oembed\" frameborder=\"0\" allow=\"accelerometer; autoplay; clipboard-write; encrypted-media; gyroscope; picture-in-picture; web-share\" referrerpolicy=\"strict-origin-when-cross-origin\" allowfullscreen><\/iframe>\n<\/div><\/figure>\n<\/div><\/div><\/div><\/div><\/div>\n<\/div><\/div><\/div><\/div>\n\n<div class=\"alignfull wp-block-ugb-columns ugb-columns aiv-col-2 ugb-385a57e ugb-columns--design-plain ugb-columns--columns-2 ugb-main-block ugb-main-block--inner-center ugb--has-block-background\"><style>.ugb-385a57e.ugb-columns{background-color:#ffffff;background-position:bottom right;background-repeat:no-repeat;background-size:40% !important}.ugb-385a57e.ugb-columns:before{background-color:#ffffff}@media screen and (min-width:768px){.ugb-385a57e.ugb-columns{padding-right:35px !important}}<\/style><div class=\"ugb-inner-block ugb-inner-block--center\"><div class=\"ugb-block-content\"><div class=\"ugb-columns__item ugb-385a57e-content-wrapper\">\n<div class=\"wp-block-ugb-column ugb-column ugb-4306f1a ugb-column--design-plain ugb-main-block\"><div class=\"ugb-inner-block\"><div class=\"ugb-block-content\"><div class=\"ugb-column__item ugb-4306f1a-column-wrapper\"><div class=\"ugb-column__content-wrapper\">\n[embedyt] \nhttps:\/\/www.youtube.com\/watch?v=iVvrHcA1LrE[\/embedyt]\n<\/div><\/div><\/div><\/div><\/div>\n\n\n\n<div class=\"wp-block-ugb-column ugb-column ugb-d52ccab ugb-column--design-plain ugb-main-block\"><div class=\"ugb-inner-block\"><div class=\"ugb-block-content\"><div class=\"ugb-column__item ugb-d52ccab-column-wrapper\"><div class=\"ugb-column__content-wrapper\">\n<div class=\"wp-block-ugb-heading ugb-heading ugb-e311718 ugb-main-block\"><div class=\"ugb-inner-block\"><div class=\"ugb-block-content\"><h2 class=\"ugb-heading__title\">Ev\u00e4steet Sveitsi?<\/h2><p class=\"ugb-heading__subtitle\">Mik\u00e4 muuttuu Sveitsiss\u00e4 syyskuusta alkaen?<\/p><\/div><\/div><\/div>\n<\/div><\/div><\/div><\/div><\/div>\n<\/div><\/div><\/div><\/div>\n\n<div class=\"alignfull wp-block-ugb-columns ugb-columns aiv-col-2 ugb-8d9d082 ugb-columns--design-plain ugb-columns--columns-2 ugb-main-block ugb-main-block--inner-center ugb--has-block-background ugb--has-background-overlay\"><style>.ugb-8d9d082.ugb-columns{background-color:#EFF0F1;background-image:url(https:\/\/cdn.aivie.ch\/media\/wp\/2021\/06\/19131703\/pattern-u-960w.png);background-position:bottom right;background-repeat:no-repeat;background-size:40% !important}.ugb-8d9d082.ugb-columns:before{background-color:#EFF0F1;opacity:0.5}@media screen and (min-width:768px){.ugb-8d9d082.ugb-columns{padding-right:35px !important}}<\/style><div class=\"ugb-inner-block ugb-inner-block--center\"><div class=\"ugb-block-content\"><div class=\"ugb-columns__item ugb-8d9d082-content-wrapper\">\n<div class=\"wp-block-ugb-column ugb-column ugb-98ffa22 ugb-column--design-plain ugb-main-block\"><div class=\"ugb-inner-block\"><div class=\"ugb-block-content\"><div class=\"ugb-column__item ugb-98ffa22-column-wrapper\"><div class=\"ugb-column__content-wrapper\">\n<div class=\"wp-block-ugb-heading ugb-heading ugb-d6589f1 ugb-main-block\"><div class=\"ugb-inner-block\"><div class=\"ugb-block-content\"><h2 class=\"ugb-heading__title\">Uutiskirje?<\/h2><p class=\"ugb-heading__subtitle\">Jos ker\u00e4\u00e4t s\u00e4hk\u00f6postiosoitteita Googlen kautta ja kirjoitat niille automaattisesti, onko se silti yksil\u00f6llinen kirje?<\/p><\/div><\/div><\/div>\n<\/div><\/div><\/div><\/div><\/div>\n\n\n\n<div class=\"wp-block-ugb-column ugb-column ugb-5ea4358 ugb-column--design-plain ugb-main-block\"><div class=\"ugb-inner-block\"><div class=\"ugb-block-content\"><div class=\"ugb-column__item ugb-5ea4358-column-wrapper\"><div class=\"ugb-column__content-wrapper\">\n<figure class=\"wp-block-embed is-type-video is-provider-youtube wp-block-embed-youtube wp-embed-aspect-16-9 wp-has-aspect-ratio\"><div class=\"wp-block-embed__wrapper\">\n<iframe loading=\"lazy\" title=\"Newsletter und Datenschutz (revDSG und DSGVO) - Datenschutz Webinar Aivie und Lexr\" width=\"990\" height=\"557\" src=\"https:\/\/www.youtube.com\/embed\/GuNJPvBtacA?feature=oembed\" frameborder=\"0\" allow=\"accelerometer; autoplay; clipboard-write; encrypted-media; gyroscope; picture-in-picture; web-share\" referrerpolicy=\"strict-origin-when-cross-origin\" allowfullscreen><\/iframe>\n<\/div><\/figure>\n<\/div><\/div><\/div><\/div><\/div>\n<\/div><\/div><\/div><\/div>\n\n<div class=\"alignfull wp-block-ugb-columns ugb-columns aiv-col-2 ugb-0059fdb ugb-columns--design-plain ugb-columns--columns-2 ugb-main-block ugb-main-block--inner-center ugb--has-block-background ugb--has-background-overlay\"><style>.ugb-0059fdb.ugb-columns{background-color:#ffffff;background-image:url(https:\/\/cdn.aivie.ch\/media\/wp\/2021\/06\/19131703\/pattern-u-960w.png);background-position:bottom right;background-repeat:no-repeat;background-size:40% !important}.ugb-0059fdb.ugb-columns:before{background-color:#ffffff;opacity:0.5}@media screen and (min-width:768px){.ugb-0059fdb.ugb-columns{padding-right:35px !important}}<\/style><div class=\"ugb-inner-block ugb-inner-block--center\"><div class=\"ugb-block-content\"><div class=\"ugb-columns__item ugb-0059fdb-content-wrapper\">\n<div class=\"wp-block-ugb-column ugb-column ugb-e5e1294 ugb-column--design-plain ugb-main-block\"><div class=\"ugb-inner-block\"><div class=\"ugb-block-content\"><div class=\"ugb-column__item ugb-e5e1294-column-wrapper\"><div class=\"ugb-column__content-wrapper\">\n<figure class=\"wp-block-embed is-type-video is-provider-youtube wp-block-embed-youtube wp-embed-aspect-16-9 wp-has-aspect-ratio\"><div class=\"wp-block-embed__wrapper\">\n<iframe loading=\"lazy\" title=\"Double Opt In (revDSG\/DSGVO)   Datenschutz Webinar Aivie und Lexer\" width=\"990\" height=\"557\" src=\"https:\/\/www.youtube.com\/embed\/JNUwwMS3bCI?feature=oembed\" frameborder=\"0\" allow=\"accelerometer; autoplay; clipboard-write; encrypted-media; gyroscope; picture-in-picture; web-share\" referrerpolicy=\"strict-origin-when-cross-origin\" allowfullscreen><\/iframe>\n<\/div><\/figure>\n<\/div><\/div><\/div><\/div><\/div>\n\n\n\n<div class=\"wp-block-ugb-column ugb-column ugb-7123f02 ugb-column--design-plain ugb-main-block\"><div class=\"ugb-inner-block\"><div class=\"ugb-block-content\"><div class=\"ugb-column__item ugb-7123f02-column-wrapper\"><div class=\"ugb-column__content-wrapper\">\n<div class=\"wp-block-ugb-heading ugb-heading ugb-e4c7aec ugb-main-block\"><div class=\"ugb-inner-block\"><div class=\"ugb-block-content\"><h2 class=\"ugb-heading__title\">Kaksinkertainen opt-in?<\/h2><p class=\"ugb-heading__subtitle\">Riitt\u00e4\u00e4k\u00f6 koko j\u00e4rjestelm\u00e4n laajuinen tuplaopt-in vai tarvitaanko erillinen jokaiselle segmentille?<\/p><\/div><\/div><\/div>\n<\/div><\/div><\/div><\/div><\/div>\n<\/div><\/div><\/div><\/div>\n\n<div class=\"alignfull wp-block-ugb-columns ugb-columns aiv-col-2 ugb-df46028 ugb-columns--design-plain ugb-columns--columns-2 ugb-main-block ugb-main-block--inner-center ugb--has-block-background ugb--has-background-overlay\"><style>.ugb-df46028.ugb-columns{background-color:#EFF0F1;background-image:url(https:\/\/cdn.aivie.ch\/media\/wp\/2021\/06\/19131703\/pattern-u-960w.png);background-position:bottom right;background-repeat:no-repeat;background-size:40% !important}.ugb-df46028.ugb-columns:before{background-color:#EFF0F1;opacity:0.5}@media screen and (min-width:768px){.ugb-df46028.ugb-columns{padding-right:35px !important}}<\/style><div class=\"ugb-inner-block ugb-inner-block--center\"><div class=\"ugb-block-content\"><div class=\"ugb-columns__item ugb-df46028-content-wrapper\">\n<div class=\"wp-block-ugb-column ugb-column ugb-e9e35b5 ugb-column--design-plain ugb-main-block\"><div class=\"ugb-inner-block\"><div class=\"ugb-block-content\"><div class=\"ugb-column__item ugb-e9e35b5-column-wrapper\"><div class=\"ugb-column__content-wrapper\">\n<div class=\"wp-block-ugb-heading ugb-heading ugb-f0aed99 ugb-main-block\"><div class=\"ugb-inner-block\"><div class=\"ugb-block-content\"><h2 class=\"ugb-heading__title\">Tag Manager?<\/h2><p class=\"ugb-heading__subtitle\">Voiko Tag Managerin ottaa k\u00e4ytt\u00f6\u00f6n verkkosivustolla ilman ev\u00e4steiden hyv\u00e4ksymist\u00e4?<\/p><\/div><\/div><\/div>\n<\/div><\/div><\/div><\/div><\/div>\n\n\n\n<div class=\"wp-block-ugb-column ugb-column ugb-948bfef ugb-column--design-plain ugb-main-block\"><div class=\"ugb-inner-block\"><div class=\"ugb-block-content\"><div class=\"ugb-column__item ugb-948bfef-column-wrapper\"><div class=\"ugb-column__content-wrapper\">\n<figure class=\"wp-block-embed is-type-video is-provider-youtube wp-block-embed-youtube wp-embed-aspect-16-9 wp-has-aspect-ratio\"><div class=\"wp-block-embed__wrapper\">\n<iframe loading=\"lazy\" title=\"Tag Manager Fragen - Datenschutz Webinar Aivie und Lexr\" width=\"990\" height=\"557\" src=\"https:\/\/www.youtube.com\/embed\/lrRjOmdigpo?feature=oembed\" frameborder=\"0\" allow=\"accelerometer; autoplay; clipboard-write; encrypted-media; gyroscope; picture-in-picture; web-share\" referrerpolicy=\"strict-origin-when-cross-origin\" allowfullscreen><\/iframe>\n<\/div><\/figure>\n<\/div><\/div><\/div><\/div><\/div>\n<\/div><\/div><\/div><\/div>\n\n<div style=\"height:100px\" aria-hidden=\"true\" class=\"wp-block-spacer\"><\/div>\n<div data-block-name=\"woocommerce\/product-category\" data-categories=\"[1227]\" data-content-visibility=\"{&quot;image&quot;:true,&quot;title&quot;:true,&quot;price&quot;:true,&quot;rating&quot;:false,&quot;button&quot;:false}\" data-rows=\"2\" data-stock-status=\"[&quot;&quot;,&quot;instock&quot;,&quot;outofstock&quot;,&quot;onbackorder&quot;]\" class=\"wc-block-grid wp-block-product-category wp-block-woocommerce-product-category wc-block-product-category has-3-columns has-multiple-rows\"><ul class=\"wc-block-grid__products\"><li class=\"wc-block-grid__product\"><span class=\"gtm4wp_productdata\" style=\"display:none; visibility:hidden;\" data-gtm4wp_product_data=\"{&quot;internal_id&quot;:27189,&quot;item_id&quot;:27189,&quot;item_name&quot;:&quot;Tietosuojan arviointi- ja k\\u00e4ytt\\u00f6\\u00f6nottopaketti Advanced Package&quot;,&quot;sku&quot;:27189,&quot;price&quot;:6160,&quot;stocklevel&quot;:null,&quot;stockstatus&quot;:&quot;instock&quot;,&quot;google_business_vertical&quot;:&quot;retail&quot;,&quot;item_category&quot;:&quot;Tietosuoja&quot;,&quot;id&quot;:27189,&quot;item_brand&quot;:&quot;Tietosuoja&quot;,&quot;productlink&quot;:&quot;https:\\\/\\\/aivie.ch\\\/fi\\\/tuote\\\/tietosuojan-arviointi-ja-kaeyttoeoenottopaketti-advanced-package\\\/&quot;,&quot;item_list_name&quot;:&quot;General Product List&quot;,&quot;index&quot;:0,&quot;product_type&quot;:&quot;simple&quot;}\"><\/span>\n\t\t\t\t<a href=\"https:\/\/aivie.ch\/fi\/tuote\/tietosuojan-arviointi-ja-kaeyttoeoenottopaketti-advanced-package\/\" class=\"wc-block-grid__product-link\">\n\t\t\t\t\t\n\t\t\t\t\t<div class=\"wc-block-grid__product-image\"><img loading=\"lazy\" decoding=\"async\" width=\"240\" height=\"240\" src=\"https:\/\/cdn.aivie.ch\/media\/wp\/2023\/03\/14104129\/LEXR-Visual-2-240x240.png\" class=\"attachment-woocommerce_thumbnail size-woocommerce_thumbnail\" alt=\"Tietosuojan arviointi- ja k\u00e4ytt\u00f6\u00f6nottopaketti Advanced Package\" srcset=\"https:\/\/cdn.aivie.ch\/media\/wp\/2023\/03\/14104129\/LEXR-Visual-2-240x240.png 240w, https:\/\/cdn.aivie.ch\/media\/wp\/2023\/03\/14104129\/LEXR-Visual-2-768x768.png 768w, https:\/\/cdn.aivie.ch\/media\/wp\/2023\/03\/14104129\/LEXR-Visual-2-480x480.png 480w, https:\/\/cdn.aivie.ch\/media\/wp\/2023\/03\/14104129\/LEXR-Visual-2.png 800w\" sizes=\"auto, (max-width: 240px) 100vw, 240px\" title=\"\"><\/div>\n\t\t\t\t\t<div class=\"wc-block-grid__product-title\">Tietosuojan arviointi- ja k\u00e4ytt\u00f6\u00f6nottopaketti Advanced Package<\/div>\n\t\t\t\t<\/a>\n\t\t\t\t<div class=\"wc-block-grid__product-price price\"><span class=\"woocommerce-Price-amount amount\"><span class=\"woocommerce-Price-currencySymbol\">&#036;<\/span>6 160.00<\/span><\/div>\n\t\t\t\t\n\t\t\t\t\n\t\t\t<\/li><li class=\"wc-block-grid__product\"><span class=\"gtm4wp_productdata\" style=\"display:none; visibility:hidden;\" data-gtm4wp_product_data=\"{&quot;internal_id&quot;:26764,&quot;item_id&quot;:26764,&quot;item_name&quot;:&quot;Tietosuojan arviointi ja k\\u00e4ytt\\u00f6\\u00f6notto Starter Package&quot;,&quot;sku&quot;:26764,&quot;price&quot;:3080,&quot;stocklevel&quot;:null,&quot;stockstatus&quot;:&quot;instock&quot;,&quot;google_business_vertical&quot;:&quot;retail&quot;,&quot;item_category&quot;:&quot;Tietosuoja&quot;,&quot;id&quot;:26764,&quot;item_brand&quot;:&quot;Tietosuoja&quot;,&quot;productlink&quot;:&quot;https:\\\/\\\/aivie.ch\\\/fi\\\/tuote\\\/tietosuojan-arviointi-ja-kaeyttoeoenotto-starter-package\\\/&quot;,&quot;item_list_name&quot;:&quot;General Product List&quot;,&quot;index&quot;:0,&quot;product_type&quot;:&quot;simple&quot;}\"><\/span>\n\t\t\t\t<a href=\"https:\/\/aivie.ch\/fi\/tuote\/tietosuojan-arviointi-ja-kaeyttoeoenotto-starter-package\/\" class=\"wc-block-grid__product-link\">\n\t\t\t\t\t\n\t\t\t\t\t<div class=\"wc-block-grid__product-image\"><img loading=\"lazy\" decoding=\"async\" width=\"240\" height=\"240\" src=\"https:\/\/cdn.aivie.ch\/media\/wp\/2023\/03\/14104129\/LEXR-Visual-2-240x240.png\" class=\"attachment-woocommerce_thumbnail size-woocommerce_thumbnail\" alt=\"Tietosuojan arviointi ja k\u00e4ytt\u00f6\u00f6notto Starter Package\" srcset=\"https:\/\/cdn.aivie.ch\/media\/wp\/2023\/03\/14104129\/LEXR-Visual-2-240x240.png 240w, https:\/\/cdn.aivie.ch\/media\/wp\/2023\/03\/14104129\/LEXR-Visual-2-768x768.png 768w, https:\/\/cdn.aivie.ch\/media\/wp\/2023\/03\/14104129\/LEXR-Visual-2-480x480.png 480w, https:\/\/cdn.aivie.ch\/media\/wp\/2023\/03\/14104129\/LEXR-Visual-2.png 800w\" sizes=\"auto, (max-width: 240px) 100vw, 240px\" title=\"\"><\/div>\n\t\t\t\t\t<div class=\"wc-block-grid__product-title\">Tietosuojan arviointi ja k\u00e4ytt\u00f6\u00f6notto Starter Package<\/div>\n\t\t\t\t<\/a>\n\t\t\t\t<div class=\"wc-block-grid__product-price price\"><span class=\"woocommerce-Price-amount amount\"><span class=\"woocommerce-Price-currencySymbol\">&#036;<\/span>3 080.00<\/span><\/div>\n\t\t\t\t\n\t\t\t\t\n\t\t\t<\/li><li class=\"wc-block-grid__product\"><span class=\"gtm4wp_productdata\" style=\"display:none; visibility:hidden;\" data-gtm4wp_product_data=\"{&quot;internal_id&quot;:27191,&quot;item_id&quot;:27191,&quot;item_name&quot;:&quot;LEXR-sivuston tietosuojapaketti&quot;,&quot;sku&quot;:27191,&quot;price&quot;:605,&quot;stocklevel&quot;:null,&quot;stockstatus&quot;:&quot;instock&quot;,&quot;google_business_vertical&quot;:&quot;retail&quot;,&quot;item_category&quot;:&quot;Tietosuoja&quot;,&quot;id&quot;:27191,&quot;item_brand&quot;:&quot;Tietosuoja&quot;,&quot;productlink&quot;:&quot;https:\\\/\\\/aivie.ch\\\/fi\\\/tuote\\\/lexr-sivuston-tietosuojapaketti\\\/&quot;,&quot;item_list_name&quot;:&quot;General Product List&quot;,&quot;index&quot;:0,&quot;product_type&quot;:&quot;simple&quot;}\"><\/span>\n\t\t\t\t<a href=\"https:\/\/aivie.ch\/fi\/tuote\/lexr-sivuston-tietosuojapaketti\/\" class=\"wc-block-grid__product-link\">\n\t\t\t\t\t\n\t\t\t\t\t<div class=\"wc-block-grid__product-image\"><img loading=\"lazy\" decoding=\"async\" width=\"240\" height=\"240\" src=\"https:\/\/cdn.aivie.ch\/media\/wp\/2023\/03\/14104239\/LEXR-Visual-1-240x240.png\" class=\"attachment-woocommerce_thumbnail size-woocommerce_thumbnail\" alt=\"LEXR-sivuston tietosuojapaketti\" srcset=\"https:\/\/cdn.aivie.ch\/media\/wp\/2023\/03\/14104239\/LEXR-Visual-1-240x240.png 240w, https:\/\/cdn.aivie.ch\/media\/wp\/2023\/03\/14104239\/LEXR-Visual-1-768x768.png 768w, https:\/\/cdn.aivie.ch\/media\/wp\/2023\/03\/14104239\/LEXR-Visual-1-480x480.png 480w, https:\/\/cdn.aivie.ch\/media\/wp\/2023\/03\/14104239\/LEXR-Visual-1.png 800w\" sizes=\"auto, (max-width: 240px) 100vw, 240px\" title=\"\"><\/div>\n\t\t\t\t\t<div class=\"wc-block-grid__product-title\">LEXR-sivuston tietosuojapaketti<\/div>\n\t\t\t\t<\/a>\n\t\t\t\t<div class=\"wc-block-grid__product-price price\"><span class=\"woocommerce-Price-amount amount\"><span class=\"woocommerce-Price-currencySymbol\">&#036;<\/span>605.00<\/span><\/div>\n\t\t\t\t\n\t\t\t\t\n\t\t\t<\/li><li class=\"wc-block-grid__product\"><span class=\"gtm4wp_productdata\" style=\"display:none; visibility:hidden;\" data-gtm4wp_product_data=\"{&quot;internal_id&quot;:26770,&quot;item_id&quot;:26770,&quot;item_name&quot;:&quot;Tietosuojan k\\u00e4ytt\\u00f6tapauspaketti GDPR&quot;,&quot;sku&quot;:&quot;13457&quot;,&quot;price&quot;:1210,&quot;stocklevel&quot;:null,&quot;stockstatus&quot;:&quot;instock&quot;,&quot;google_business_vertical&quot;:&quot;retail&quot;,&quot;item_category&quot;:&quot;K\\u00e4ytt\\u00f6tapauspaketti&quot;,&quot;id&quot;:26770,&quot;item_brand&quot;:&quot;Tietosuoja&quot;,&quot;productlink&quot;:&quot;https:\\\/\\\/aivie.ch\\\/fi\\\/tuote\\\/tietosuojan-kaeyttoetapauspaketti-gdpr\\\/&quot;,&quot;item_list_name&quot;:&quot;General Product List&quot;,&quot;index&quot;:0,&quot;product_type&quot;:&quot;simple&quot;}\"><\/span>\n\t\t\t\t<a href=\"https:\/\/aivie.ch\/fi\/tuote\/tietosuojan-kaeyttoetapauspaketti-gdpr\/\" class=\"wc-block-grid__product-link\">\n\t\t\t\t\t\n\t\t\t\t\t<div class=\"wc-block-grid__product-image\"><img loading=\"lazy\" decoding=\"async\" width=\"240\" height=\"240\" src=\"https:\/\/cdn.aivie.ch\/media\/wp\/2023\/03\/24104013\/datenschutz_DSGVO-240x240.webp\" class=\"attachment-woocommerce_thumbnail size-woocommerce_thumbnail\" alt=\"Tietosuojan k\u00e4ytt\u00f6tapauspaketti GDPR\" srcset=\"https:\/\/cdn.aivie.ch\/media\/wp\/2023\/03\/24104013\/datenschutz_DSGVO-240x240.webp 240w, https:\/\/cdn.aivie.ch\/media\/wp\/2023\/03\/24104013\/datenschutz_DSGVO-960x960.webp 960w, https:\/\/cdn.aivie.ch\/media\/wp\/2023\/03\/24104013\/datenschutz_DSGVO-768x768.webp 768w, https:\/\/cdn.aivie.ch\/media\/wp\/2023\/03\/24104013\/datenschutz_DSGVO-480x480.webp 480w, https:\/\/cdn.aivie.ch\/media\/wp\/2023\/03\/24104013\/datenschutz_DSGVO.webp 1080w\" sizes=\"auto, (max-width: 240px) 100vw, 240px\" title=\"\"><\/div>\n\t\t\t\t\t<div class=\"wc-block-grid__product-title\">Tietosuojan k\u00e4ytt\u00f6tapauspaketti GDPR<\/div>\n\t\t\t\t<\/a>\n\t\t\t\t<div class=\"wc-block-grid__product-price price\"><span class=\"woocommerce-Price-amount amount\"><span class=\"woocommerce-Price-currencySymbol\">&#036;<\/span>1 210.00<\/span><\/div>\n\t\t\t\t\n\t\t\t\t\n\t\t\t<\/li><li class=\"wc-block-grid__product\"><span class=\"gtm4wp_productdata\" style=\"display:none; visibility:hidden;\" data-gtm4wp_product_data=\"{&quot;internal_id&quot;:26773,&quot;item_id&quot;:26773,&quot;item_name&quot;:&quot;Tietosuojan k\\u00e4ytt\\u00f6tapauspaketti revDSG&quot;,&quot;sku&quot;:&quot;19643-1&quot;,&quot;price&quot;:1210,&quot;stocklevel&quot;:null,&quot;stockstatus&quot;:&quot;instock&quot;,&quot;google_business_vertical&quot;:&quot;retail&quot;,&quot;item_category&quot;:&quot;K\\u00e4ytt\\u00f6tapauspaketti&quot;,&quot;id&quot;:26773,&quot;item_brand&quot;:&quot;Tietosuoja&quot;,&quot;productlink&quot;:&quot;https:\\\/\\\/aivie.ch\\\/fi\\\/tuote\\\/tietosuojan-kaeyttoetapauspaketti-revdsg\\\/&quot;,&quot;item_list_name&quot;:&quot;General Product List&quot;,&quot;index&quot;:0,&quot;product_type&quot;:&quot;simple&quot;}\"><\/span>\n\t\t\t\t<a href=\"https:\/\/aivie.ch\/fi\/tuote\/tietosuojan-kaeyttoetapauspaketti-revdsg\/\" class=\"wc-block-grid__product-link\">\n\t\t\t\t\t\n\t\t\t\t\t<div class=\"wc-block-grid__product-image\"><img loading=\"lazy\" decoding=\"async\" width=\"240\" height=\"240\" src=\"https:\/\/cdn.aivie.ch\/media\/wp\/2023\/03\/24104016\/Datenschutz_revDSG-240x240.webp\" class=\"attachment-woocommerce_thumbnail size-woocommerce_thumbnail\" alt=\"Tietosuojan k\u00e4ytt\u00f6tapauspaketti revDSG\" srcset=\"https:\/\/cdn.aivie.ch\/media\/wp\/2023\/03\/24104016\/Datenschutz_revDSG-240x240.webp 240w, https:\/\/cdn.aivie.ch\/media\/wp\/2023\/03\/24104016\/Datenschutz_revDSG-960x960.webp 960w, https:\/\/cdn.aivie.ch\/media\/wp\/2023\/03\/24104016\/Datenschutz_revDSG-768x768.webp 768w, https:\/\/cdn.aivie.ch\/media\/wp\/2023\/03\/24104016\/Datenschutz_revDSG-480x480.webp 480w, https:\/\/cdn.aivie.ch\/media\/wp\/2023\/03\/24104016\/Datenschutz_revDSG.webp 1080w\" sizes=\"auto, (max-width: 240px) 100vw, 240px\" title=\"\"><\/div>\n\t\t\t\t\t<div class=\"wc-block-grid__product-title\">Tietosuojan k\u00e4ytt\u00f6tapauspaketti revDSG<\/div>\n\t\t\t\t<\/a>\n\t\t\t\t<div class=\"wc-block-grid__product-price price\"><span class=\"woocommerce-Price-amount amount\"><span class=\"woocommerce-Price-currencySymbol\">&#036;<\/span>1 210.00<\/span><\/div>\n\t\t\t\t\n\t\t\t\t\n\t\t\t<\/li><li class=\"wc-block-grid__product\"><span class=\"gtm4wp_productdata\" style=\"display:none; visibility:hidden;\" data-gtm4wp_product_data=\"{&quot;internal_id&quot;:27196,&quot;item_id&quot;:27196,&quot;item_name&quot;:&quot;V\\u00e4litt\\u00f6m\\u00e4n palvelun ev\\u00e4stebanneri GDPR- ja revDSG-yhteensopiva&quot;,&quot;sku&quot;:27196,&quot;price&quot;:418,&quot;stocklevel&quot;:null,&quot;stockstatus&quot;:&quot;instock&quot;,&quot;google_business_vertical&quot;:&quot;retail&quot;,&quot;item_category&quot;:&quot;V\\u00e4litt\\u00f6m\\u00e4t palvelut&quot;,&quot;id&quot;:27196,&quot;item_brand&quot;:&quot;Tietosuoja&quot;,&quot;productlink&quot;:&quot;https:\\\/\\\/aivie.ch\\\/fi\\\/tuote\\\/vaelittoemaen-palvelun-evaestebanneri-gdpr-ja-revdsg-yhteensopiva\\\/&quot;,&quot;item_list_name&quot;:&quot;General Product List&quot;,&quot;index&quot;:0,&quot;product_type&quot;:&quot;simple&quot;}\"><\/span>\n\t\t\t\t<a href=\"https:\/\/aivie.ch\/fi\/tuote\/vaelittoemaen-palvelun-evaestebanneri-gdpr-ja-revdsg-yhteensopiva\/\" class=\"wc-block-grid__product-link\">\n\t\t\t\t\t\n\t\t\t\t\t<div class=\"wc-block-grid__product-image\"><img loading=\"lazy\" decoding=\"async\" width=\"240\" height=\"240\" src=\"https:\/\/cdn.aivie.ch\/media\/wp\/2023\/02\/09110026\/Instant-Service-Cookie-Banner-DSGVO-konform.png\" class=\"attachment-woocommerce_thumbnail size-woocommerce_thumbnail\" alt=\"V\u00e4litt\u00f6m\u00e4n palvelun ev\u00e4stebanneri GDPR- ja revDSG-yhteensopiva\" srcset=\"https:\/\/cdn.aivie.ch\/media\/wp\/2023\/02\/09110026\/Instant-Service-Cookie-Banner-DSGVO-konform.png 240w, https:\/\/cdn.aivie.ch\/media\/wp\/2023\/02\/09110026\/Instant-Service-Cookie-Banner-DSGVO-konform-768x768.png 768w, https:\/\/cdn.aivie.ch\/media\/wp\/2023\/02\/09110026\/Instant-Service-Cookie-Banner-DSGVO-konform-480x480.png 480w, https:\/\/cdn.aivie.ch\/media\/wp\/2023\/02\/09110026\/Instant-Service-Cookie-Banner-DSGVO-konform.png 800w\" sizes=\"auto, (max-width: 240px) 100vw, 240px\" title=\"\"><\/div>\n\t\t\t\t\t<div class=\"wc-block-grid__product-title\">V\u00e4litt\u00f6m\u00e4n palvelun ev\u00e4stebanneri GDPR- ja revDSG-yhteensopiva<\/div>\n\t\t\t\t<\/a>\n\t\t\t\t<div class=\"wc-block-grid__product-price price\"><span class=\"woocommerce-Price-amount amount\"><span class=\"woocommerce-Price-currencySymbol\">&#036;<\/span>418.00<\/span><\/div>\n\t\t\t\t\n\t\t\t\t\n\t\t\t<\/li><\/ul><\/div>","protected":false},"excerpt":{"rendered":"<p>Tietosuoja-asiantuntija Sebastian vastaa kysymyksiisi tietosuojalains\u00e4\u00e4d\u00e4nn\u00f6st\u00e4 ja markkinoinnin automatisoinnista. Perustat nopeasti ja helposti tietosuojavaatimusten mukaisen verkkosivuston, jossa on s\u00e4hk\u00f6postimarkkinointia. N\u00e4yt\u00e4mme sinulle kaiken, mit\u00e4 tarvitset uuden Sveitsin tietosuojalain (revDSG) ja EU:n yleisen tietosuoja-asetuksen (GDPR) asianmukaiseen t\u00e4yt\u00e4nt\u00f6\u00f6npanoon. Instagram? Kysymyksesi Instagramista ja tietosuojalains\u00e4\u00e4d\u00e4nn\u00f6st\u00e4 sis\u00e4ltyy t\u00e4h\u00e4n. Ev\u00e4steet? Sebastian vastaa Google Analyticsia ja ev\u00e4steiden bannereita koskevaan kysymykseen. Ev\u00e4steet Sveitsi? Mik\u00e4 muuttuu &hellip; <a href=\"https:\/\/aivie.ch\/fi\/kysymyksiae-ja-vastauksia-tietosuojasta\/\" class=\"more-link\">Jatka lukemista <span class=\"screen-reader-text\">Kysymyksi\u00e4 ja vastauksia tietosuojasta<\/span><\/a><\/p>\n","protected":false},"author":1,"featured_media":26225,"parent":0,"menu_order":0,"comment_status":"closed","ping_status":"closed","template":"front-page.php","meta":{"_acf_changed":false,"footnotes":""},"class_list":["post-26222","page","type-page","status-publish","has-post-thumbnail","hentry"],"acf":[],"featured_image_urls_v2":{"full":["https:\/\/cdn.aivie.ch\/media\/wp\/2023\/04\/04152701\/datenschutz-fragen-und-antworten-2.jpg",1280,720,false],"thumbnail":["https:\/\/cdn.aivie.ch\/media\/wp\/2023\/04\/04152701\/datenschutz-fragen-und-antworten-2-240x240.jpg",240,240,true],"medium":["https:\/\/cdn.aivie.ch\/media\/wp\/2023\/04\/04152701\/datenschutz-fragen-und-antworten-2-960x540.jpg",960,540,true],"medium_large":["https:\/\/cdn.aivie.ch\/media\/wp\/2023\/04\/04152701\/datenschutz-fragen-und-antworten-2-768x432.jpg",768,432,true],"large":["https:\/\/cdn.aivie.ch\/media\/wp\/2023\/04\/04152701\/datenschutz-fragen-und-antworten-2.jpg",990,557,false],"post-thumbnail":["https:\/\/cdn.aivie.ch\/media\/wp\/2023\/04\/04152701\/datenschutz-fragen-und-antworten-2-1200x675.jpg",1200,675,true],"aiv_480w":["https:\/\/cdn.aivie.ch\/media\/wp\/2023\/04\/04152701\/datenschutz-fragen-und-antworten-2-480x270.jpg",480,270,true],"woocommerce_thumbnail":["https:\/\/cdn.aivie.ch\/media\/wp\/2023\/04\/04152701\/datenschutz-fragen-und-antworten-2-240x240.jpg",240,240,true],"woocommerce_single":["https:\/\/cdn.aivie.ch\/media\/wp\/2023\/04\/04152701\/datenschutz-fragen-und-antworten-2-960x540.jpg",960,540,true],"woocommerce_gallery_thumbnail":["https:\/\/cdn.aivie.ch\/media\/wp\/2023\/04\/04152701\/datenschutz-fragen-und-antworten-2-240x240.jpg",240,240,true]},"post_excerpt_stackable_v2":"<p>Tietosuoja-asiantuntija Sebastian vastaa kysymyksiisi tietosuojalains\u00e4\u00e4d\u00e4nn\u00f6st\u00e4 ja markkinoinnin automatisoinnista.Perustat nopeasti ja helposti tietosuojavaatimusten mukaisen verkkosivuston, jossa on s\u00e4hk\u00f6postimarkkinointia. N\u00e4yt\u00e4mme sinulle kaiken, mit\u00e4 tarvitset uuden Sveitsin tietosuojalain (revDSG) ja EU:n yleisen tietosuoja-asetuksen (GDPR) asianmukaiseen t\u00e4yt\u00e4nt\u00f6\u00f6npanoon. Instagram?Kysymyksesi Instagramista ja tietosuojalains\u00e4\u00e4d\u00e4nn\u00f6st\u00e4 sis\u00e4ltyy t\u00e4h\u00e4n. Ev\u00e4steet?Sebastian vastaa Google Analyticsia ja ev\u00e4steiden bannereita koskevaan kysymykseen. [embedyt] https:\/\/www.youtube.com\/watch?v=iVvrHcA1LrE[\/embedyt] Ev\u00e4steet Sveitsi?Mik\u00e4 muuttuu Sveitsiss\u00e4 syyskuusta alkaen? Uutiskirje?Jos ker\u00e4\u00e4t s\u00e4hk\u00f6postiosoitteita Googlen kautta ja kirjoitat niille automaattisesti, onko se silti yksil\u00f6llinen kirje? Kaksinkertainen opt-in?Riitt\u00e4\u00e4k\u00f6 koko j\u00e4rjestelm\u00e4n laajuinen tuplaopt-in vai tarvitaanko erillinen jokaiselle segmentille? Tag Manager?Voiko Tag Managerin ottaa k\u00e4ytt\u00f6\u00f6n verkkosivustolla ilman ev\u00e4steiden hyv\u00e4ksymist\u00e4? Tietosuojan arviointi- ja k\u00e4ytt\u00f6\u00f6nottopaketti Advanced Package &#036;6 160.00 Tietosuojan\u2026<\/p>\n","category_list_v2":"","author_info_v2":{"name":"Adrian Schimpf","url":"https:\/\/aivie.ch\/fi\/author\/adrian\/"},"comments_num_v2":"0 comments","_links":{"self":[{"href":"https:\/\/aivie.ch\/fi\/wp-json\/wp\/v2\/pages\/26222","targetHints":{"allow":["GET"]}}],"collection":[{"href":"https:\/\/aivie.ch\/fi\/wp-json\/wp\/v2\/pages"}],"about":[{"href":"https:\/\/aivie.ch\/fi\/wp-json\/wp\/v2\/types\/page"}],"author":[{"embeddable":true,"href":"https:\/\/aivie.ch\/fi\/wp-json\/wp\/v2\/users\/1"}],"replies":[{"embeddable":true,"href":"https:\/\/aivie.ch\/fi\/wp-json\/wp\/v2\/comments?post=26222"}],"version-history":[{"count":1,"href":"https:\/\/aivie.ch\/fi\/wp-json\/wp\/v2\/pages\/26222\/revisions"}],"predecessor-version":[{"id":26226,"href":"https:\/\/aivie.ch\/fi\/wp-json\/wp\/v2\/pages\/26222\/revisions\/26226"}],"wp:featuredmedia":[{"embeddable":true,"href":"https:\/\/aivie.ch\/fi\/wp-json\/wp\/v2\/media\/26225"}],"wp:attachment":[{"href":"https:\/\/aivie.ch\/fi\/wp-json\/wp\/v2\/media?parent=26222"}],"curies":[{"name":"wp","href":"https:\/\/api.w.org\/{rel}","templated":true}]}}