{"id":26203,"date":"2026-01-11T14:11:37","date_gmt":"2026-01-11T12:11:37","guid":{"rendered":"https:\/\/aivie.ch\/tietosuojalakia-koskevat-kysymykset-sucess-page\/"},"modified":"2026-01-11T14:11:42","modified_gmt":"2026-01-11T12:11:42","slug":"tietosuojalakia-koskevat-kysymykset-sucess-page","status":"publish","type":"page","link":"https:\/\/aivie.ch\/fi\/tietosuojalakia-koskevat-kysymykset-sucess-page\/","title":{"rendered":"Tietosuojalakia koskevat kysymykset Sucess Page"},"content":{"rendered":"\n<div style=\"height:135px\" aria-hidden=\"true\" class=\"wp-block-spacer\"><\/div>\n\n<h1 class=\"wp-block-heading\">Kiitos paljon. Kysymyksenne on matkalla meille. <\/h1>\n\n<p>Sill\u00e4 v\u00e4lin olemme koonneet t\u00e4nne tietoa tietosuojasta.<\/p>\n\n<div style=\"height:40px\" aria-hidden=\"true\" class=\"wp-block-spacer\"><\/div>\n\n<div class=\"alignfull wp-block-ugb-columns ugb-columns aiv-col-2 ugb-37074d1 ugb-columns--design-plain ugb-columns--columns-2 ugb-main-block ugb-main-block--inner-center ugb--has-block-background ugb--has-background-overlay\"><style>.ugb-37074d1.ugb-columns{background-color:#EFF0F1;background-image:url(https:\/\/cdn.aivie.ch\/media\/wp\/2021\/06\/19131703\/pattern-u-960w.png);background-position:bottom right;background-repeat:no-repeat;background-size:40% !important}.ugb-37074d1.ugb-columns:before{background-color:#EFF0F1;opacity:0.5}@media screen and (min-width:768px){.ugb-37074d1.ugb-columns{padding-right:35px !important}}<\/style><div class=\"ugb-inner-block ugb-inner-block--center\"><div class=\"ugb-block-content\"><div class=\"ugb-columns__item ugb-37074d1-content-wrapper\">\n<div class=\"wp-block-ugb-column ugb-column ugb-3a1d42f ugb-column--design-plain ugb-main-block\"><div class=\"ugb-inner-block\"><div class=\"ugb-block-content\"><div class=\"ugb-column__item ugb-3a1d42f-column-wrapper\"><div class=\"ugb-column__content-wrapper\">\n<div class=\"wp-block-ugb-heading ugb-heading ugb-a312fd4 ugb-main-block\"><div class=\"ugb-inner-block\"><div class=\"ugb-block-content\"><h2 class=\"ugb-heading__title\">Mit\u00e4 sinun on tiedett\u00e4v\u00e4 Sveitsin tarkistetusta tietosuojalains\u00e4\u00e4d\u00e4nn\u00f6st\u00e4?<\/h2><p class=\"ugb-heading__subtitle\">Selostamme Sveitsin uuden tietosuojalain (revDSG) t\u00e4rkeimm\u00e4t muutokset digitaalisen markkinoinnin kannalta helposti ymm\u00e4rrett\u00e4v\u00e4ss\u00e4 katsauksessa.<\/p><\/div><\/div><\/div>\n\n\n\n<div class=\"wp-block-ugb-button ugb-button-wrapper ugb-7e99d47 ugb-main-block\"><style>.ugb-7e99d47 .ugb-block-content{justify-content:flex-start !important}.ugb-7e99d47 .ugb-inner-block{text-align:left}<\/style><div class=\"ugb-inner-block\"><div class=\"ugb-block-content\"><div class=\"ugb-button-container\"><a class=\"ugb-button1 ugb-button ugb-button--size-normal\" href=\"https:\/\/aivie.ch\/fi\/sveitsin-uusi-tietosuojalaki-ndsg-tai-revdsg-taerkeimmaet-kohdat-lyhyesti\/\" rel=\"\" title=\"\"><span class=\"ugb-button--inner\">Artikkeliin<\/span><\/a><\/div><\/div><\/div><\/div>\n<\/div><\/div><\/div><\/div><\/div>\n\n\n\n<div class=\"wp-block-ugb-column ugb-column ugb-6701c74 ugb-column--design-plain ugb-main-block\"><div class=\"ugb-inner-block\"><div class=\"ugb-block-content\"><div class=\"ugb-column__item ugb-6701c74-column-wrapper\"><div class=\"ugb-column__content-wrapper\">\n<div style=\"height:64px\" aria-hidden=\"true\" class=\"wp-block-spacer\"><\/div>\n\n\n\n<figure class=\"wp-block-image alignleft size-full is-resized\"><img loading=\"lazy\" decoding=\"async\" src=\"https:\/\/cdn.aivie.ch\/media\/wp\/2023\/03\/07114839\/DatenschutzWebinar-revDSG.png\" alt=\"\" class=\"wp-image-13250\" width=\"415\" height=\"233\" title=\"\" srcset=\"https:\/\/cdn.aivie.ch\/media\/wp\/2023\/03\/07114839\/DatenschutzWebinar-revDSG.png 1920w, https:\/\/cdn.aivie.ch\/media\/wp\/2023\/03\/07114839\/DatenschutzWebinar-revDSG-960x540.png 960w, https:\/\/cdn.aivie.ch\/media\/wp\/2023\/03\/07114839\/DatenschutzWebinar-revDSG-768x432.png 768w, https:\/\/cdn.aivie.ch\/media\/wp\/2023\/03\/07114839\/DatenschutzWebinar-revDSG-1200x675.png 1200w, https:\/\/cdn.aivie.ch\/media\/wp\/2023\/03\/07114839\/DatenschutzWebinar-revDSG-480x270.png 480w\" sizes=\"auto, (max-width: 415px) 100vw, 415px\" \/><\/figure>\n<\/div><\/div><\/div><\/div><\/div>\n<\/div><\/div><\/div><\/div>\n\n<div class=\"alignfull wp-block-ugb-container ugb-container ugb-3efb5d6 ugb-container--v2 ugb-container--design-plain ugb-main-block ugb-main-block--inner-center ugb--has-block-background ugb--has-background-overlay\"><style>.ugb-3efb5d6.ugb-container{background-image:url(https:\/\/cdn.aivie.ch\/media\/wp\/2021\/06\/19131703\/pattern-u-960w.png);background-position:top right;background-repeat:no-repeat;background-size:40% !important}.ugb-3efb5d6.ugb-container:before{opacity:0.5}@media screen and (min-width:768px){.ugb-3efb5d6-content-wrapper.ugb-container__content-wrapper{width:90% !important}.ugb-3efb5d6.ugb-container{margin-top:0px !important;padding-top:0px !important;padding-right:35px !important;padding-left:35px !important}}<\/style><div class=\"ugb-inner-block ugb-inner-block--center\"><div class=\"ugb-block-content\"><div class=\"ugb-container__wrapper ugb-3efb5d6-wrapper\"><div class=\"ugb-container__side\"><div class=\"ugb-container__content-wrapper ugb-3efb5d6-content-wrapper\">\n<h2 class=\"wp-block-heading\" id=\"h-datenschutz-und-revdsg-in-marketing-automation\">Tietosuoja ja revDSG markkinoinnin automaatiossa<\/h2>\n\n\n\n<p>Perustat nopeasti ja helposti tietosuojavaatimusten mukaisen verkkosivuston, jossa on s\u00e4hk\u00f6postimarkkinointia. N\u00e4yt\u00e4mme sinulle kaiken, mit\u00e4 tarvitset uuden Sveitsin tietosuojalain (revDSG) ja EU:n yleisen tietosuoja-asetuksen (GDPR) asianmukaiseen t\u00e4yt\u00e4nt\u00f6\u00f6npanoon. <\/p>\n\n\n\n<div class=\"wp-block-columns is-layout-flex wp-container-core-columns-is-layout-9d6595d7 wp-block-columns-is-layout-flex\">\n<div class=\"wp-block-column is-layout-flow wp-block-column-is-layout-flow\">\n<figure class=\"wp-block-image size-thumbnail\"><img loading=\"lazy\" decoding=\"async\" width=\"240\" height=\"240\" src=\"https:\/\/cdn.aivie.ch\/media\/wp\/2022\/05\/02154128\/Datenschutz-Checkliste-Schweiz-240x240.png\" alt=\"Uusi tietosuojalaki Sveitsin tarkistuslista Aivie\" class=\"wp-image-7121\" title=\"\" srcset=\"https:\/\/cdn.aivie.ch\/media\/wp\/2022\/05\/02154128\/Datenschutz-Checkliste-Schweiz-240x240.png 240w, https:\/\/cdn.aivie.ch\/media\/wp\/2022\/05\/02154128\/Datenschutz-Checkliste-Schweiz-768x768.png 768w, https:\/\/cdn.aivie.ch\/media\/wp\/2022\/05\/02154128\/Datenschutz-Checkliste-Schweiz-480x480.png 480w, https:\/\/cdn.aivie.ch\/media\/wp\/2022\/05\/02154128\/Datenschutz-Checkliste-Schweiz-600x600.png 600w, https:\/\/cdn.aivie.ch\/media\/wp\/2022\/05\/02154128\/Datenschutz-Checkliste-Schweiz-300x300.png 300w, https:\/\/cdn.aivie.ch\/media\/wp\/2022\/05\/02154128\/Datenschutz-Checkliste-Schweiz-100x100.png 100w, https:\/\/cdn.aivie.ch\/media\/wp\/2022\/05\/02154128\/Datenschutz-Checkliste-Schweiz.png 800w\" sizes=\"auto, (max-width: 240px) 100vw, 240px\" \/><\/figure>\n\n\n\n<h3 class=\"wp-block-heading\" id=\"h-datenschutzgesetz-checklist\">Tietosuojalain tarkistuslista<\/h3>\n\n\n\n<p>Sveitsin uusi tietosuojalaki, t\u00e4rkeimm\u00e4t kohdat lyhyesti tiivistettyn\u00e4.<\/p>\n\n\n\n<div class=\"wp-block-ugb-button ugb-button-wrapper ugb-5dc2a14 ugb-main-block\"><style>.ugb-5dc2a14 .ugb-block-content{justify-content:flex-start !important}.ugb-5dc2a14 .ugb-inner-block{text-align:left}<\/style><div class=\"ugb-inner-block\"><div class=\"ugb-block-content\"><div class=\"ugb-button-container\"><a class=\"ugb-button1 ugb-button ugb-button--size-normal ugb-button--design-plain\" href=\"https:\/\/aivie.ch\/fi\/sveitsin-uusi-tietosuojalaki-ndsg-tai-revdsg-taerkeimmaet-kohdat-lyhyesti\/#checkliste\" rel=\"\" title=\"\"><span class=\"ugb-button--inner\">Lataa tarkistuslista<\/span><\/a><\/div><\/div><\/div><\/div>\n<\/div>\n\n\n\n<div class=\"wp-block-column is-layout-flow wp-block-column-is-layout-flow\">\n<figure class=\"wp-block-image size-thumbnail\"><img loading=\"lazy\" decoding=\"async\" width=\"240\" height=\"240\" src=\"https:\/\/cdn.aivie.ch\/media\/wp\/2021\/06\/19131424\/workshop5-240x240.png\" alt=\"Tietosuoja Aivie Mautic Workshop\" class=\"wp-image-4150\" title=\"\" srcset=\"https:\/\/cdn.aivie.ch\/media\/wp\/2021\/06\/19131424\/workshop5-240x240.png 240w, https:\/\/cdn.aivie.ch\/media\/wp\/2021\/06\/19131424\/workshop5-768x768.png 768w, https:\/\/cdn.aivie.ch\/media\/wp\/2021\/06\/19131424\/workshop5-480x480.png 480w, https:\/\/cdn.aivie.ch\/media\/wp\/2021\/06\/19131424\/workshop5-300x300.png 300w, https:\/\/cdn.aivie.ch\/media\/wp\/2021\/06\/19131424\/workshop5-600x600.png 600w, https:\/\/cdn.aivie.ch\/media\/wp\/2021\/06\/19131424\/workshop5-100x100.png 100w, https:\/\/cdn.aivie.ch\/media\/wp\/2021\/06\/19131424\/workshop5.png 800w\" sizes=\"auto, (max-width: 240px) 100vw, 240px\" \/><\/figure>\n\n\n\n<h3 class=\"wp-block-heading\" id=\"h-revdsg-und-dsgvo-datenschutz-workshop\">revDSG- ja DSGVO-tietosuojaseminaari<\/h3>\n\n\n\n<p>GDPR-yhteensopiva viestint\u00e4, n\u00e4yt\u00e4mme sinulle, mik\u00e4 toimii ja mik\u00e4 ei toimi s\u00e4hk\u00f6postimarkkinoinnissa.<\/p>\n\n\n\n<div class=\"wp-block-ugb-button ugb-button-wrapper ugb-b853e62 ugb-main-block\"><style>.ugb-b853e62 .ugb-block-content{justify-content:flex-start !important}.ugb-b853e62 .ugb-inner-block{text-align:left}<\/style><div class=\"ugb-inner-block\"><div class=\"ugb-block-content\"><div class=\"ugb-button-container\"><a class=\"ugb-button1 ugb-button ugb-button--size-normal ugb-button--design-plain\" href=\"https:\/\/aivie.ch\/tuote\/workshop-sicher-unterwegs-als-aivie-mautic-anwender\/\" rel=\"\" title=\"\"><span class=\"ugb-button--inner\">Ty\u00f6pajaan<\/span><\/a><\/div><\/div><\/div><\/div>\n<\/div>\n\n\n\n<div class=\"wp-block-column is-layout-flow wp-block-column-is-layout-flow\">\n<figure class=\"wp-block-image size-thumbnail\"><img decoding=\"async\" src=\"https:\/\/aivie.ch\/wp-content\/uploads\/2022\/04\/Das-neue-Datenschutzgesetz-in-der-Schweiz-einfach-erkla&#x308;rt-1-240x240.webp\" alt=\"Sveitsin uusi tietosuojalains&#xE4;&#xE4;d&#xE4;nt&#xF6; - yksinkertaisesti selitettyn&#xE4;\" class=\"wp-image-6734\" title=\"\"><\/figure>\n\n\n\n<h3 class=\"wp-block-heading\" id=\"h-datenschutzgesetz-sicher-umsetzen\">Tietosuojalains\u00e4\u00e4d\u00e4nn\u00f6n turvallinen t\u00e4yt\u00e4nt\u00f6\u00f6npano<\/h3>\n\n\n\n<p>Nopea ja helppo, revDSG:n mukainen. Paketti sis\u00e4lt\u00e4\u00e4 kaiken tarvittavan. <\/p>\n\n\n\n<div class=\"wp-block-ugb-button ugb-button-wrapper ugb-57ae883 ugb-main-block\"><style>.ugb-57ae883 .ugb-block-content{justify-content:flex-start !important}.ugb-57ae883 .ugb-inner-block{text-align:left}<\/style><div class=\"ugb-inner-block\"><div class=\"ugb-block-content\"><div class=\"ugb-button-container\"><a class=\"ugb-button1 ugb-button ugb-button--size-normal ugb-button--design-plain\" href=\"https:\/\/aivie.ch\/?post_type=product&#038;p=765\" rel=\"\" title=\"\"><span class=\"ugb-button--inner\">Quick Starter -tietojen suojaus<\/span><\/a><\/div><\/div><\/div><\/div>\n<\/div>\n<\/div>\n<\/div><\/div><\/div><\/div><\/div><\/div>\n","protected":false},"excerpt":{"rendered":"<p>Kiitos paljon. Kysymyksenne on matkalla meille. Sill\u00e4 v\u00e4lin olemme koonneet t\u00e4nne tietoa tietosuojasta. Mit\u00e4 sinun on tiedett\u00e4v\u00e4 Sveitsin tarkistetusta tietosuojalains\u00e4\u00e4d\u00e4nn\u00f6st\u00e4? Selostamme Sveitsin uuden tietosuojalain (revDSG) t\u00e4rkeimm\u00e4t muutokset digitaalisen markkinoinnin kannalta helposti ymm\u00e4rrett\u00e4v\u00e4ss\u00e4 katsauksessa. Artikkeliin Tietosuoja ja revDSG markkinoinnin automaatiossa Perustat nopeasti ja helposti tietosuojavaatimusten mukaisen verkkosivuston, jossa on s\u00e4hk\u00f6postimarkkinointia. N\u00e4yt\u00e4mme sinulle kaiken, mit\u00e4 tarvitset uuden &hellip; <a href=\"https:\/\/aivie.ch\/fi\/tietosuojalakia-koskevat-kysymykset-sucess-page\/\" class=\"more-link\">Jatka lukemista <span class=\"screen-reader-text\">Tietosuojalakia koskevat kysymykset Sucess Page<\/span><\/a><\/p>\n","protected":false},"author":1,"featured_media":0,"parent":0,"menu_order":0,"comment_status":"closed","ping_status":"closed","template":"front-page.php","meta":{"_acf_changed":false,"footnotes":""},"class_list":["post-26203","page","type-page","status-publish","hentry"],"acf":[],"featured_image_urls_v2":{"full":"","thumbnail":"","medium":"","medium_large":"","large":"","post-thumbnail":"","aiv_480w":"","woocommerce_thumbnail":"","woocommerce_single":"","woocommerce_gallery_thumbnail":""},"post_excerpt_stackable_v2":"<p>Kiitos paljon. Kysymyksenne on matkalla meille. Sill\u00e4 v\u00e4lin olemme koonneet t\u00e4nne tietoa tietosuojasta. Mit\u00e4 sinun on tiedett\u00e4v\u00e4 Sveitsin tarkistetusta tietosuojalains\u00e4\u00e4d\u00e4nn\u00f6st\u00e4?Selostamme Sveitsin uuden tietosuojalain (revDSG) t\u00e4rkeimm\u00e4t muutokset digitaalisen markkinoinnin kannalta helposti ymm\u00e4rrett\u00e4v\u00e4ss\u00e4 katsauksessa. Artikkeliin Tietosuoja ja revDSG markkinoinnin automaatiossa Perustat nopeasti ja helposti tietosuojavaatimusten mukaisen verkkosivuston, jossa on s\u00e4hk\u00f6postimarkkinointia. N\u00e4yt\u00e4mme sinulle kaiken, mit\u00e4 tarvitset uuden Sveitsin tietosuojalain (revDSG) ja EU:n yleisen tietosuoja-asetuksen (GDPR) asianmukaiseen t\u00e4yt\u00e4nt\u00f6\u00f6npanoon. Tietosuojalain tarkistuslista Sveitsin uusi tietosuojalaki, t\u00e4rkeimm\u00e4t kohdat lyhyesti tiivistettyn\u00e4. Lataa tarkistuslista revDSG- ja DSGVO-tietosuojaseminaari GDPR-yhteensopiva viestint\u00e4, n\u00e4yt\u00e4mme sinulle, mik\u00e4 toimii ja mik\u00e4 ei toimi s\u00e4hk\u00f6postimarkkinoinnissa. Ty\u00f6pajaan Tietosuojalains\u00e4\u00e4d\u00e4nn\u00f6n turvallinen t\u00e4yt\u00e4nt\u00f6\u00f6npano Nopea ja helppo, revDSG:n mukainen. Paketti sis\u00e4lt\u00e4\u00e4\u2026<\/p>\n","category_list_v2":"","author_info_v2":{"name":"Adrian Schimpf","url":"https:\/\/aivie.ch\/fi\/author\/adrian\/"},"comments_num_v2":"0 comments","_links":{"self":[{"href":"https:\/\/aivie.ch\/fi\/wp-json\/wp\/v2\/pages\/26203","targetHints":{"allow":["GET"]}}],"collection":[{"href":"https:\/\/aivie.ch\/fi\/wp-json\/wp\/v2\/pages"}],"about":[{"href":"https:\/\/aivie.ch\/fi\/wp-json\/wp\/v2\/types\/page"}],"author":[{"embeddable":true,"href":"https:\/\/aivie.ch\/fi\/wp-json\/wp\/v2\/users\/1"}],"replies":[{"embeddable":true,"href":"https:\/\/aivie.ch\/fi\/wp-json\/wp\/v2\/comments?post=26203"}],"version-history":[{"count":1,"href":"https:\/\/aivie.ch\/fi\/wp-json\/wp\/v2\/pages\/26203\/revisions"}],"predecessor-version":[{"id":26205,"href":"https:\/\/aivie.ch\/fi\/wp-json\/wp\/v2\/pages\/26203\/revisions\/26205"}],"wp:attachment":[{"href":"https:\/\/aivie.ch\/fi\/wp-json\/wp\/v2\/media?parent=26203"}],"curies":[{"name":"wp","href":"https:\/\/api.w.org\/{rel}","templated":true}]}}